{"id":56,"date":"2026-02-10T10:13:15","date_gmt":"2026-02-10T13:13:15","guid":{"rendered":"https:\/\/www.ccs.ufpb.br\/ppgenf\/?page_id=56"},"modified":"2026-07-21T11:23:15","modified_gmt":"2026-07-21T14:23:15","slug":"corpo-docente","status":"publish","type":"page","link":"https:\/\/www.ccs.ufpb.br\/ppgenf\/corpo-docente\/","title":{"rendered":"Corpo Docente"},"content":{"rendered":"\n<p class=\"wp-block-paragraph\"><strong>PESQUISADOR P\u00d3S-DOC<\/strong><\/p>\n\n\n\n<ul class=\"wp-block-list\">\n<li><strong><a href=\"https:\/\/sigaa.ufpb.br\/sigaa\/public\/docente\/portal.jsf?siape=\" target=\"_blank\" rel=\"noreferrer noopener\">&nbsp;ANNIELY RODRIGUES SOARES<\/a><\/strong><br><strong>PESQUISADOR &#8211; P\u00d3S-DOC<\/strong> (anniely.rodrigues@academico.ufpb.br) <strong>Linha(s) de Pesquisa:<\/strong>POL\u00cdTICAS E PR\u00c1TICAS DO CUIDAR EM ENFERMAGEM E SA\u00daDE<\/li>\n\n\n\n<li><\/li>\n<\/ul>\n\n\n\n<p class=\"wp-block-paragraph\"><strong>DOCENTES CREDENCIADOS AO PPGENF<\/strong><\/p>\n\n\n\n<ul class=\"wp-block-list\">\n<li><strong><a href=\"https:\/\/sigaa.ufpb.br\/sigaa\/public\/docente\/portal.jsf?siape=1212004\" target=\"_blank\" rel=\"noreferrer noopener\">ALTAMIRA PEREIRA DA SILVA REICHERT<\/a><\/strong><br>PROFESSOR &#8211; PERMANENTE (altamira.reichert@academico.ufpb.br)<a href=\"http:\/\/lattes.cnpq.br\/2122053551439541\" target=\"_blank\" rel=\"noreferrer noopener\">&nbsp;Lattes<\/a>          <strong>Linha(s) de Pesquisa:<\/strong> POL\u00cdTICAS E PR\u00c1TICAS DO CUIDAR EM ENFERMAGEM E SA\u00daDE<\/li>\n\n\n\n<li><strong><a href=\"https:\/\/sigaa.ufpb.br\/sigaa\/public\/docente\/portal.jsf?siape=1626922\" target=\"_blank\" rel=\"noreferrer noopener\">&nbsp;ANA CRISTINA DE OLIVEIRA E SILVA<\/a><\/strong>                                                                  PROFESSOR &#8211; PERMANENTE (anacris.os@gmail.com) <a href=\"http:\/\/lattes.cnpq.br\/2636448157614016\" target=\"_blank\" rel=\"noreferrer noopener\">&nbsp;Lattes<\/a>                                         <strong>Linha(s) de Pesquisa:<\/strong> ENFERMAGEM E SA\u00daDE NO CUIDADO AO ADULTO E IDOSO<\/li>\n\n\n\n<li><strong><a href=\"https:\/\/sigaa.ufpb.br\/sigaa\/public\/docente\/portal.jsf?siape=1653046\" target=\"_blank\" rel=\"noreferrer noopener\">&nbsp;ANNE JAQUELYNE ROQUE BARRETO<\/a><\/strong><br>PROFESSOR &#8211; PERMANENTE (annejaque@gmail.com)                                                     <strong>Linha(s) de Pesquisa:<\/strong> POL\u00cdTICAS E PR\u00c1TICAS DO CUIDAR EM ENFERMAGEM E SA\u00daDE<\/li>\n\n\n\n<li><strong><a href=\"https:\/\/sigaa.ufpb.br\/sigaa\/public\/docente\/portal.jsf?siape=1742550\" target=\"_blank\" rel=\"noreferrer noopener\">ELIANE ROLIM DE HOLANDA<\/a><\/strong><br>PROFESSOR &#8211; PERMANENTE (eliane.rolim@academico.ufpb.br)  <a href=\"https:\/\/lattes.cnpq.br\/1613641327840136\" target=\"_blank\" rel=\"noreferrer noopener\">Lattes<\/a>                       <strong>Linha(s) de Pesquisa:<\/strong> POL\u00cdTICAS E PR\u00c1TICAS DO CUIDAR EM ENFERMAGEM E SA\u00daDE<\/li>\n\n\n\n<li><strong><a href=\"https:\/\/sigaa.ufpb.br\/sigaa\/public\/docente\/portal.jsf?siape=1879353\" target=\"_blank\" rel=\"noreferrer noopener\">FABIA BARBOSA DE ANDRADE<\/a><\/strong><br>PROFESSOR &#8211; PERMANENTE (fabiabarbosabr@gmail.com)  <a href=\"http:\/\/lattes.cnpq.br\/0315846984480655\" target=\"_blank\" rel=\"noreferrer noopener\">&nbsp;Lattes<\/a>                                  <strong>Linha(s) de Pesquisa:<\/strong> POL\u00cdTICAS E PR\u00c1TICAS DO CUIDAR EM ENFERMAGEM E SA\u00daDE<\/li>\n\n\n\n<li><strong><a href=\"https:\/\/sigaa.ufpb.br\/sigaa\/public\/docente\/portal.jsf?siape=1368768\" target=\"_blank\" rel=\"noreferrer noopener\">JACIRA DOS SANTOS OLIVEIRA<\/a><\/strong><br>PROFESSOR &#8211; PERMANENTE (jacirasantosoliveira@gmail.com)                                                 <strong>Linha(s) de Pesquisa:<\/strong> FUNDAMENTOS TE\u00d3RICO-FILOS\u00d3FICOS DO CUIDAR EM ENFERMAGEM E SA\u00daDE<\/li>\n\n\n\n<li><strong><a href=\"https:\/\/sigaa.ufpb.br\/sigaa\/public\/docente\/portal.jsf?siape=1287747\" target=\"_blank\" rel=\"noreferrer noopener\">&nbsp;JOAO VICTOR BATISTA CABRAL<\/a><\/strong><br>PROFESSOR &#8211; PERMANENTE (jvbc2@academico.ufpb.br) <a href=\"http:\/\/lattes.cnpq.br\/1113120560139504\" target=\"_blank\" rel=\"noreferrer noopener\">&nbsp;Lattes<\/a>                                          <strong>Linha(s) de Pesquisa:<\/strong> ENFERMAGEM E SA\u00daDE NO CUIDADO AO ADULTO E IDOSO<\/li>\n\n\n\n<li><strong><a href=\"https:\/\/sigaa.ufpb.br\/sigaa\/public\/docente\/portal.jsf?siape=1856209\" target=\"_blank\" rel=\"noreferrer noopener\">&nbsp;JOCELLY DE ARAUJO FERREIRA<\/a><\/strong><br>PROFESSOR &#8211; COLABORADOR (jocellyaferreira@hotmail.com) <a href=\"http:\/\/lattes.cnpq.br\/9229452664247820\" target=\"_blank\" rel=\"noreferrer noopener\">Lattes<\/a>                         <strong>Linha(s) de Pesquisa:<\/strong> ENFERMAGEM E SA\u00daDE NO CUIDADO AO ADULTO E IDOSO<\/li>\n\n\n\n<li><strong><a href=\"https:\/\/sigaa.ufpb.br\/sigaa\/public\/docente\/portal.jsf?siape=1631937\" target=\"_blank\" rel=\"noreferrer noopener\">&nbsp;KATIA NEYLA DE FREITAS MACEDO COSTA<\/a><\/strong><br>PROFESSOR &#8211; PERMANENTE (katia.neyla@academico.ufpb.br) <a href=\"http:\/\/lattes.cnpq.br\/6107908220174089\" target=\"_blank\" rel=\"noreferrer noopener\">Lattes<\/a>                                  <strong>Linha(s) de Pesquisa:<\/strong> FUNDAMENTOS TE\u00d3RICO-FILOS\u00d3FICOS DO CUIDAR EM ENFERMAGEM E SA\u00daDE<a href=\"http:\/\/lattes.cnpq.br\/6107908220174089\" target=\"_blank\" rel=\"noreferrer noopener\">&nbsp;<\/a><strong><a href=\"https:\/\/sigaa.ufpb.br\/sigaa\/public\/docente\/portal.jsf?siape=1926826\" target=\"_blank\" rel=\"noreferrer noopener\">&nbsp;<\/a><\/strong><\/li>\n\n\n\n<li><strong><a href=\"https:\/\/sigaa.ufpb.br\/sigaa\/public\/docente\/portal.jsf?siape=1926826\" target=\"_blank\" rel=\"noreferrer noopener\">LIDIANE LIMA DE ANDRADE<\/a><\/strong><br>PROFESSOR &#8211; PERMANENTE (lidiane.andrade@academico.ufpb.br) <a href=\"http:\/\/lattes.cnpq.br\/3076237365194240\" target=\"_blank\" rel=\"noreferrer noopener\">Lattes<\/a> <strong>Linha(s) de Pesquisa:<\/strong> FUNDAMENTOS TE\u00d3RICO-FILOS\u00d3FICOS DO CUIDAR EM ENFERMAGEM E SA\u00daDE<a href=\"http:\/\/lattes.cnpq.br\/3076237365194240\" target=\"_blank\" rel=\"noreferrer noopener\">&nbsp;<\/a><\/li>\n\n\n\n<li><strong><a href=\"https:\/\/sigaa.ufpb.br\/sigaa\/public\/docente\/portal.jsf?siape=1617082\" target=\"_blank\" rel=\"noreferrer noopener\">&nbsp;LUCIANA DANTAS FARIAS DE ANDRADE<\/a><\/strong><br>PROFESSOR &#8211; COLABORADOR (luciana.dantas@academico.ufpb.br)   <a href=\"https:\/\/buscatextual.cnpq.br\/buscatextual\/busca.do;jsessionid=E2D7C87343CA29793B107F52BA72BD1E.buscatextual_0\" target=\"_blank\" rel=\"noreferrer noopener\">Lattes<\/a>             <strong>Linha(s) de Pesquisa:<\/strong>POL\u00cdTICAS E PR\u00c1TICAS DO CUIDAR EM ENFERMAGEM E SA\u00daDE<a href=\"https:\/\/buscatextual.cnpq.br\/buscatextual\/busca.do;jsessionid=E2D7C87343CA29793B107F52BA72BD1E.buscatextual_0\" target=\"_blank\" rel=\"noreferrer noopener\">&nbsp;<\/a><\/li>\n\n\n\n<li><strong><a href=\"https:\/\/sigaa.ufpb.br\/sigaa\/public\/docente\/portal.jsf?siape=2934188\" target=\"_blank\" rel=\"noreferrer noopener\">&nbsp;MAILSON MARQUES DE SOUSA<\/a><\/strong><br>PROFESSOR &#8211; PERMANENTE (mailson.sousa@academico.ufpb.br)     <a href=\"https:\/\/lattes.cnpq.br\/4594610659409356\" target=\"_blank\" rel=\"noreferrer noopener\">&nbsp;Lattes<\/a>                         <strong>Linha(s) de Pesquisa:<\/strong>ENFERMAGEM E SA\u00daDE NO CUIDADO AO ADULTO E IDOSO<\/li>\n\n\n\n<li><strong><a href=\"https:\/\/sigaa.ufpb.br\/sigaa\/public\/docente\/portal.jsf?siape=338322\" target=\"_blank\" rel=\"noreferrer noopener\">&nbsp;MARIA DAS GRACAS MELO FERNANDES<\/a><\/strong><br>PROFESSOR &#8211; PERMANENTE (graacafernandes@hotmail.com)<a href=\"http:\/\/lattes.cnpq.br\/2510278352259476\" target=\"_blank\" rel=\"noreferrer noopener\">&nbsp;Lattes<\/a>                       <strong>Linha(s) de Pesquisa:<\/strong> ENFERMAGEM E SA\u00daDE NO CUIDADO AO ADULTO E IDOSO<\/li>\n\n\n\n<li><strong><a href=\"https:\/\/sigaa.ufpb.br\/sigaa\/public\/docente\/portal.jsf?siape=1655763\" target=\"_blank\" rel=\"noreferrer noopener\">MARIA DE LOURDES DE FARIAS PONTES<\/a><\/strong><br>PROFESSOR &#8211; PERMANENTE (profa.lourdespontes@gmail.com)                                       <strong>Linha(s) de Pesquisa:<\/strong> ENFERMAGEM E SA\u00daDE NO CUIDADO AO ADULTO E IDOSO<\/li>\n\n\n\n<li><strong><a href=\"https:\/\/sigaa.ufpb.br\/sigaa\/public\/docente\/portal.jsf?siape=3226188\" target=\"_blank\" rel=\"noreferrer noopener\">MARIA ELIANE MOREIRA FREIRE<\/a><\/strong><br>PROFESSOR &#8211; PERMANENTE (memf@academico.ufpb.br) <a href=\"http:\/\/lattes.cnpq.br\/4618837868185188\" target=\"_blank\" rel=\"noreferrer noopener\">\u00a0Lattes<\/a> <strong>Linha(s) de Pesquisa:<\/strong> ENFERMAGEM E SA\u00daDE NO CUIDADO AO ADULTO E IDOSO<\/li>\n\n\n\n<li><strong><a href=\"https:\/\/sigaa.ufpb.br\/sigaa\/public\/docente\/portal.jsf?siape=2775762\" target=\"_blank\" rel=\"noreferrer noopener\">\u00a0MARIANA ALBERNAZ PINHEIRO DE CARVALHO<\/a><\/strong><br>PROFESSOR &#8211; PERMANENTE (mapc@academico.ufpb.br) <strong>Linha(s) de Pesquisa:<\/strong> ENFERMAGEM E SA\u00daDE NO CUIDADO AO ADULTO E IDOSO<\/li>\n\n\n\n<li><strong><a href=\"https:\/\/sigaa.ufpb.br\/sigaa\/public\/docente\/portal.jsf?siape=336720\" target=\"_blank\" rel=\"noreferrer noopener\">&nbsp;MARTA MIRIAM LOPES COSTA<\/a><\/strong><br>PROFESSOR &#8211; PERMANENTE (marthamiryam@hotmail.com)<\/li>\n\n\n\n<li><strong><a href=\"https:\/\/sigaa.ufpb.br\/sigaa\/public\/docente\/portal.jsf?siape=1622650\" target=\"_blank\" rel=\"noreferrer noopener\">&nbsp;ORIANA DEYZE CORREIA PAIVA LEADEBAL<\/a><\/strong><br>PROFESSOR &#8211; PERMANENTE (odcpl@academico.ufpb.br) <a href=\"http:\/\/lattes.cnpq.br\/0327313009201397\" target=\"_blank\" rel=\"noreferrer noopener\">Lattes<\/a> <strong>Linha(s) de Pesquisa:<\/strong> POL\u00cdTICAS E PR\u00c1TICAS DO CUIDAR EM ENFERMAGEM E SA\u00daDE<a href=\"http:\/\/lattes.cnpq.br\/0327313009201397\" target=\"_blank\" rel=\"noreferrer noopener\">&nbsp;<\/a><\/li>\n\n\n\n<li><strong><a href=\"https:\/\/sigaa.ufpb.br\/sigaa\/public\/docente\/portal.jsf?siape=6338130\" target=\"_blank\" rel=\"noreferrer noopener\">&nbsp;PATRICIA SERPA DE SOUZA BATISTA<\/a><\/strong><br>PROFESSOR &#8211; PERMANENTE (patricia.serpa@academico.ufpb.br) <a href=\"http:\/\/lattes.cnpq.br\/6366637815408803\" target=\"_blank\" rel=\"noreferrer noopener\">Lattes<\/a> <strong>Linha(s) de Pesquisa:<\/strong> FUNDAMENTOS TE\u00d3RICO-FILOS\u00d3FICOS DO CUIDAR EM ENFERMAGEM E SA\u00daDE<a href=\"http:\/\/lattes.cnpq.br\/6366637815408803\" target=\"_blank\" rel=\"noreferrer noopener\">&nbsp;<\/a><\/li>\n\n\n\n<li><strong><a href=\"https:\/\/sigaa.ufpb.br\/sigaa\/public\/docente\/portal.jsf?siape=1762965\" target=\"_blank\" rel=\"noreferrer noopener\">&nbsp;RAFAELLA QUEIROGA SOUTO<\/a><\/strong><br>PROFESSOR &#8211; PERMANENTE (rqs@academico.ufpb.br) <a href=\"http:\/\/buscatextual.cnpq.br\/buscatextual\/visualizacv.do?id=K4231408E2\" target=\"_blank\" rel=\"noreferrer noopener\">Lattes<\/a>  <strong>Linha(s) de Pesquisa:<\/strong> POL\u00cdTICAS E PR\u00c1TICAS DO CUIDAR EM ENFERMAGEM E SA\u00daDE<a href=\"http:\/\/buscatextual.cnpq.br\/buscatextual\/visualizacv.do?id=K4231408E2\" target=\"_blank\" rel=\"noreferrer noopener\">&nbsp;<\/a><\/li>\n\n\n\n<li><strong><a href=\"https:\/\/sigaa.ufpb.br\/sigaa\/public\/docente\/portal.jsf?siape=2287475\" target=\"_blank\" rel=\"noreferrer noopener\">SELENE CORDEIRO VASCONCELOS<\/a><\/strong><br>PROFESSOR &#8211; PERMANENTE (selene.cordeiro@academico.ufpb.br) <a href=\"http:\/\/lattes.cnpq.br\/0063607707226307\" target=\"_blank\" rel=\"noreferrer noopener\">Lattes<\/a> <strong>Linha(s) de Pesquisa:<\/strong> POL\u00cdTICAS E PR\u00c1TICAS DO CUIDAR EM ENFERMAGEM E SA\u00daDE<a href=\"http:\/\/lattes.cnpq.br\/0063607707226307\" target=\"_blank\" rel=\"noreferrer noopener\">&nbsp;<\/a><\/li>\n\n\n\n<li><strong><a href=\"https:\/\/sigaa.ufpb.br\/sigaa\/public\/docente\/portal.jsf?siape=1574914\" target=\"_blank\" rel=\"noreferrer noopener\">SUZANA DE OLIVEIRA MANGUEIRA<\/a><\/strong><br>PROFESSOR &#8211; PERMANENTE (suzana.mangueira@academico.ufpb.br) <a href=\"http:\/\/lattes.cnpq.br\/2031618904050997\" target=\"_blank\" rel=\"noreferrer noopener\">&nbsp;Lattes<\/a> <strong>Linha(s) de Pesquisa:<\/strong> FUNDAMENTOS TE\u00d3RICO-FILOS\u00d3FICOS DO CUIDAR EM ENFERMAGEM E SA\u00daDE<\/li>\n\n\n\n<li><strong><a href=\"https:\/\/sigaa.ufpb.br\/sigaa\/public\/docente\/portal.jsf?siape=1743850\" target=\"_blank\" rel=\"noreferrer noopener\">&nbsp;VIVIANE ROLIM DE HOLANDA<\/a><\/strong><br>PROFESSOR &#8211; PERMANENTE (viviane.rolim@academico.ufpb.br) <strong>Linha(s) de Pesquisa:<\/strong> POL\u00cdTICAS E PR\u00c1TICAS DO CUIDAR EM ENFERMAGEM E SA\u00daDE<\/li>\n<\/ul>\n","protected":false},"excerpt":{"rendered":"<p>PESQUISADOR P\u00d3S-DOC DOCENTES CREDENCIADOS AO PPGENF<\/p>\n","protected":false},"author":63,"featured_media":0,"parent":0,"menu_order":0,"comment_status":"closed","ping_status":"closed","template":"","meta":{"footnotes":""},"class_list":["post-56","page","type-page","status-publish","hentry"],"_links":{"self":[{"href":"https:\/\/www.ccs.ufpb.br\/ppgenf\/wp-json\/wp\/v2\/pages\/56","targetHints":{"allow":["GET"]}}],"collection":[{"href":"https:\/\/www.ccs.ufpb.br\/ppgenf\/wp-json\/wp\/v2\/pages"}],"about":[{"href":"https:\/\/www.ccs.ufpb.br\/ppgenf\/wp-json\/wp\/v2\/types\/page"}],"author":[{"embeddable":true,"href":"https:\/\/www.ccs.ufpb.br\/ppgenf\/wp-json\/wp\/v2\/users\/63"}],"replies":[{"embeddable":true,"href":"https:\/\/www.ccs.ufpb.br\/ppgenf\/wp-json\/wp\/v2\/comments?post=56"}],"version-history":[{"count":5,"href":"https:\/\/www.ccs.ufpb.br\/ppgenf\/wp-json\/wp\/v2\/pages\/56\/revisions"}],"predecessor-version":[{"id":223,"href":"https:\/\/www.ccs.ufpb.br\/ppgenf\/wp-json\/wp\/v2\/pages\/56\/revisions\/223"}],"wp:attachment":[{"href":"https:\/\/www.ccs.ufpb.br\/ppgenf\/wp-json\/wp\/v2\/media?parent=56"}],"curies":[{"name":"wp","href":"https:\/\/api.w.org\/{rel}","templated":true}]}}