{"id":136,"date":"2024-03-21T15:05:12","date_gmt":"2024-03-21T18:05:12","guid":{"rendered":"https:\/\/www.ccs.ufpb.br\/liev\/?page_id=136"},"modified":"2024-06-13T08:46:43","modified_gmt":"2024-06-13T11:46:43","slug":"pesquisadores","status":"publish","type":"page","link":"https:\/\/www.ccs.ufpb.br\/liev\/pesquisadores\/","title":{"rendered":"Pesquisadores"},"content":{"rendered":"\n<p>Atualmente o LIEV conta com cinco pesquisadores internos, sendo quatro professores\/pesquisadores pertencentes ao Departamento de Fonoaudiologia da UFPB e um professor pertencente ao Departamento de Cirurgia do Centro de Ci\u00eancias M\u00e9dicas da UFPB, al\u00e9m de duas professoras colaboradoras externas \u00e0 UFPB.<\/p>\n\n\n\n<ul class=\"wp-block-list\">\n<li>Pesquisadores Internos<\/li>\n<\/ul>\n\n\n\n<p>Prof.\u00aa Dr.\u00aa Anna Alice Figueir\u00eado de Almeida<\/p>\n\n\n\n<figure class=\"wp-block-image size-large is-resized\"><img loading=\"lazy\" decoding=\"async\" width=\"684\" height=\"1024\" src=\"http:\/\/www.ccs.ufpb.br\/liev\/wp-content\/uploads\/sites\/21\/sites\/151\/2024\/03\/Anna-Alice-Almeida18-684x1024.jpg\" alt=\"\" class=\"wp-image-98\" style=\"width:460px;height:auto\" srcset=\"https:\/\/www.ccs.ufpb.br\/liev\/wp-content\/uploads\/sites\/21\/sites\/151\/2024\/03\/Anna-Alice-Almeida18-684x1024.jpg 684w, https:\/\/www.ccs.ufpb.br\/liev\/wp-content\/uploads\/sites\/21\/sites\/151\/2024\/03\/Anna-Alice-Almeida18-200x300.jpg 200w, https:\/\/www.ccs.ufpb.br\/liev\/wp-content\/uploads\/sites\/21\/sites\/151\/2024\/03\/Anna-Alice-Almeida18-768x1151.jpg 768w, https:\/\/www.ccs.ufpb.br\/liev\/wp-content\/uploads\/sites\/21\/sites\/151\/2024\/03\/Anna-Alice-Almeida18-1025x1536.jpg 1025w, https:\/\/www.ccs.ufpb.br\/liev\/wp-content\/uploads\/sites\/21\/sites\/151\/2024\/03\/Anna-Alice-Almeida18-1367x2048.jpg 1367w, https:\/\/www.ccs.ufpb.br\/liev\/wp-content\/uploads\/sites\/21\/sites\/151\/2024\/03\/Anna-Alice-Almeida18-scaled.jpg 1709w\" sizes=\"auto, (max-width: 684px) 100vw, 684px\" \/><\/figure>\n\n\n\n<p>Professora Permanente do Programa Associado de P\u00f3s-Gradua\u00e7\u00e3o em Fonoaudiologia (PPgFon) UFPB\/UFRN\/UNCISAL e do Programa de P\u00f3s-Gradua\u00e7\u00e3o em Modelos de Decis\u00e3o e Sa\u00fade (PPgMDS). Especialista em Voz pelo Centro de Estudos da Voz (CEV). Doutora em Psicobiologia pela UNIFESP. P\u00f3s-Doutora em Dist\u00farbios da Comunica\u00e7\u00e3o Humana pela UNIFESP. Curr\u00edculo Lattes: <a href=\"http:\/\/lattes.cnpq.br\/8539341671152883\">http:\/\/lattes.cnpq.br\/8539341671152883<\/a><\/p>\n\n\n\n<p><\/p>\n\n\n\n<p>Prof.\u00aa Dr.\u00aa Larissa Nadjara Alves Almeida<\/p>\n\n\n\n<figure class=\"wp-block-image size-full is-resized\"><img loading=\"lazy\" decoding=\"async\" width=\"687\" height=\"711\" src=\"http:\/\/www.ccs.ufpb.br\/liev\/wp-content\/uploads\/sites\/21\/sites\/151\/2024\/03\/Larissa.jpeg\" alt=\"\" class=\"wp-image-97\" style=\"width:452px;height:auto\" srcset=\"https:\/\/www.ccs.ufpb.br\/liev\/wp-content\/uploads\/sites\/21\/sites\/151\/2024\/03\/Larissa.jpeg 687w, https:\/\/www.ccs.ufpb.br\/liev\/wp-content\/uploads\/sites\/21\/sites\/151\/2024\/03\/Larissa-290x300.jpeg 290w\" sizes=\"auto, (max-width: 687px) 100vw, 687px\" \/><\/figure>\n\n\n\n<p>Professora Adjunta do Departamento de Fonoaudiologia da UFPB. Especialista em Voz pelo Centro de Estudos da Voz (CEV) e Doutora em Modelos de Decis\u00e3o em Sa\u00fade (UFPB). Curr\u00edculo Lattes: <a href=\"http:\/\/lattes.cnpq.br\/1965283745738703\">http:\/\/lattes.cnpq.br\/1965283745738703<\/a><\/p>\n\n\n\n<p><\/p>\n\n\n\n<p>Prof. Dr. Leonardo Wanderley Lopes<\/p>\n\n\n\n<figure class=\"wp-block-image size-full is-resized\"><img loading=\"lazy\" decoding=\"async\" width=\"679\" height=\"703\" src=\"http:\/\/www.ccs.ufpb.br\/liev\/wp-content\/uploads\/sites\/21\/sites\/151\/2024\/03\/Leonardo.jpeg\" alt=\"\" class=\"wp-image-95\" style=\"width:454px;height:auto\" srcset=\"https:\/\/www.ccs.ufpb.br\/liev\/wp-content\/uploads\/sites\/21\/sites\/151\/2024\/03\/Leonardo.jpeg 679w, https:\/\/www.ccs.ufpb.br\/liev\/wp-content\/uploads\/sites\/21\/sites\/151\/2024\/03\/Leonardo-290x300.jpeg 290w\" sizes=\"auto, (max-width: 679px) 100vw, 679px\" \/><\/figure>\n\n\n\n<p>Professor Titular do Departamento de Fonoaudiologia da Universidade Federal da Para\u00edba e Professor Permanente dos Programas de P\u00f3s-Gradua\u00e7\u00e3o em Fonoaudiologia da UFPB\/UFRN, Modelos de Decis\u00e3o e Sa\u00fade e Lingu\u00edstica da UFPB. Especialista em Voz. Doutor em Lingu\u00edstica e P\u00f3s Doutor em Dist\u00farbios da Comunica\u00e7\u00e3o Humana pela UNIFESP. Curr\u00edculo Lattes: <a href=\"http:\/\/lattes.cnpq.br\/0982550255078545\">http:\/\/lattes.cnpq.br\/0982550255078545<\/a><\/p>\n\n\n\n<p><\/p>\n\n\n\n<p>Prof.\u00aa Dr.\u00aa Priscila Oliveira Costa Silva<\/p>\n\n\n\n<figure class=\"wp-block-image size-large is-resized\"><img loading=\"lazy\" decoding=\"async\" width=\"682\" height=\"1024\" src=\"http:\/\/www.ccs.ufpb.br\/liev\/wp-content\/uploads\/sites\/21\/sites\/151\/2024\/03\/PRISCILA-2023-682x1024.jpg\" alt=\"\" class=\"wp-image-99\" style=\"width:454px;height:auto\" srcset=\"https:\/\/www.ccs.ufpb.br\/liev\/wp-content\/uploads\/sites\/21\/sites\/151\/2024\/03\/PRISCILA-2023-682x1024.jpg 682w, https:\/\/www.ccs.ufpb.br\/liev\/wp-content\/uploads\/sites\/21\/sites\/151\/2024\/03\/PRISCILA-2023-200x300.jpg 200w, https:\/\/www.ccs.ufpb.br\/liev\/wp-content\/uploads\/sites\/21\/sites\/151\/2024\/03\/PRISCILA-2023-768x1152.jpg 768w, https:\/\/www.ccs.ufpb.br\/liev\/wp-content\/uploads\/sites\/21\/sites\/151\/2024\/03\/PRISCILA-2023.jpg 853w\" sizes=\"auto, (max-width: 682px) 100vw, 682px\" \/><\/figure>\n\n\n\n<p>Professora Adjunta do Departamento de Fonoaudiologia da Universidade Federal da Para\u00edba (UFPB). Pesquisadora e vice coordenadora local do Programa Associado de P\u00f3s-gradua\u00e7\u00e3o em Fonoaudiologia UFPB\/UFRN\/UNCISAL. Especialista em Voz. Doutora em Modelos de Decis\u00e3o e Sa\u00fade pela Universidade Federal da Para\u00edba (UFPB). P\u00f3s-Doutorado (em andamento) em Dist\u00farbios da Comunica\u00e7\u00e3o Humana pela UNIFESP. Curr\u00edculo Lattes: <a href=\"http:\/\/lattes.cnpq.br\/1702184879949191\">http:\/\/lattes.cnpq.br\/1702184879949191<\/a><\/p>\n\n\n\n<p><\/p>\n\n\n\n<p>Prof. Dr. Erich Melo<\/p>\n\n\n\n<figure class=\"wp-block-image size-large\"><img loading=\"lazy\" decoding=\"async\" width=\"684\" height=\"1024\" src=\"https:\/\/www.ccs.ufpb.br\/liev\/wp-content\/uploads\/sites\/21\/sites\/151\/2024\/06\/WhatsApp-Image-2024-06-06-at-14.12.03-684x1024.jpeg\" alt=\"\" class=\"wp-image-217\" srcset=\"https:\/\/www.ccs.ufpb.br\/liev\/wp-content\/uploads\/sites\/21\/sites\/151\/2024\/06\/WhatsApp-Image-2024-06-06-at-14.12.03-684x1024.jpeg 684w, https:\/\/www.ccs.ufpb.br\/liev\/wp-content\/uploads\/sites\/21\/sites\/151\/2024\/06\/WhatsApp-Image-2024-06-06-at-14.12.03-200x300.jpeg 200w, https:\/\/www.ccs.ufpb.br\/liev\/wp-content\/uploads\/sites\/21\/sites\/151\/2024\/06\/WhatsApp-Image-2024-06-06-at-14.12.03-768x1150.jpeg 768w, https:\/\/www.ccs.ufpb.br\/liev\/wp-content\/uploads\/sites\/21\/sites\/151\/2024\/06\/WhatsApp-Image-2024-06-06-at-14.12.03-1026x1536.jpeg 1026w, https:\/\/www.ccs.ufpb.br\/liev\/wp-content\/uploads\/sites\/21\/sites\/151\/2024\/06\/WhatsApp-Image-2024-06-06-at-14.12.03-1367x2048.jpeg 1367w, https:\/\/www.ccs.ufpb.br\/liev\/wp-content\/uploads\/sites\/21\/sites\/151\/2024\/06\/WhatsApp-Image-2024-06-06-at-14.12.03-scaled.jpeg 1709w\" sizes=\"auto, (max-width: 684px) 100vw, 684px\" \/><\/figure>\n\n\n\n<p>Professor Adjunto do Departamento de Cirurgia da Universidade Federal da Para\u00edba. M\u00e9dico Otorrinolaringologista. Especialista em Bucofaringolaringologia e Doutor em Otorrinolaringologia pela Universidade de S\u00e3o Paulo (USP). Forma\u00e7\u00e3o em Coach Vocal pelo Centro de Estudos da Voz (CEV) e Coordenador do N\u00facleo da Voz da Cl\u00ednica de Otorrino, em Jo\u00e3o Pessoa-PB. Curr\u00edculo Lattes: <a href=\"http:\/\/lattes.cnpq.br\/0882580480739134\">http:\/\/lattes.cnpq.br\/0882580480739134<\/a><\/p>\n\n\n\n<p><\/p>\n\n\n\n<ul class=\"wp-block-list\">\n<li>Pesquisadores Externos<\/li>\n<\/ul>\n\n\n\n<p>Dr.\u00aa Mara Suzana Behlau<\/p>\n\n\n\n<figure class=\"wp-block-image size-large is-resized\"><img loading=\"lazy\" decoding=\"async\" width=\"819\" height=\"1024\" src=\"http:\/\/www.ccs.ufpb.br\/liev\/wp-content\/uploads\/sites\/21\/sites\/151\/2024\/03\/Mara-Behlau-819x1024.jpg\" alt=\"\" class=\"wp-image-100\" style=\"width:457px;height:auto\" srcset=\"https:\/\/www.ccs.ufpb.br\/liev\/wp-content\/uploads\/sites\/21\/sites\/151\/2024\/03\/Mara-Behlau-819x1024.jpg 819w, https:\/\/www.ccs.ufpb.br\/liev\/wp-content\/uploads\/sites\/21\/sites\/151\/2024\/03\/Mara-Behlau-240x300.jpg 240w, https:\/\/www.ccs.ufpb.br\/liev\/wp-content\/uploads\/sites\/21\/sites\/151\/2024\/03\/Mara-Behlau-768x960.jpg 768w, https:\/\/www.ccs.ufpb.br\/liev\/wp-content\/uploads\/sites\/21\/sites\/151\/2024\/03\/Mara-Behlau.jpg 1024w\" sizes=\"auto, (max-width: 819px) 100vw, 819px\" \/><\/figure>\n\n\n\n<p>Docente permanente do programa de P\u00f3s-Gradua\u00e7\u00e3o em Dist\u00farbios da Comunica\u00e7\u00e3o Humana: Campo Fonoaudiol\u00f3gico da UNIFESP EPM. Professora dos programas acad\u00eamicos de p\u00f3s-gradua\u00e7\u00e3o e de educa\u00e7\u00e3o executiva do Insper, S\u00e3o Paulo. Diretora do Centro de Estudos da Voz &#8211; CEV. Doutora em Dist\u00farbios da Comunica\u00e7\u00e3o Humana (Fonoaudiologia) pela UNIFESP EPM (1986), com tese desenvolvida na Michigan State University &#8211; MSU, East Lansing, EUA. P\u00f3s Doutora em Audiology and Speech Sciences (1989) pela University of California San Francisco &#8211; UCSF, EUA. Curr\u00edculo Lattes: http:\/\/lattes.cnpq.br\/2274436726620746<\/p>\n\n\n\n<p><\/p>\n\n\n\n<p>Dra. Vanessa Veis Ribeiro<\/p>\n\n\n\n<figure class=\"wp-block-image size-full is-resized\"><img loading=\"lazy\" decoding=\"async\" width=\"724\" height=\"709\" src=\"http:\/\/www.ccs.ufpb.br\/liev\/wp-content\/uploads\/sites\/21\/sites\/151\/2024\/03\/Vanessa-Veis.jpeg\" alt=\"\" class=\"wp-image-96\" style=\"width:457px;height:auto\" srcset=\"https:\/\/www.ccs.ufpb.br\/liev\/wp-content\/uploads\/sites\/21\/sites\/151\/2024\/03\/Vanessa-Veis.jpeg 724w, https:\/\/www.ccs.ufpb.br\/liev\/wp-content\/uploads\/sites\/21\/sites\/151\/2024\/03\/Vanessa-Veis-300x294.jpeg 300w\" sizes=\"auto, (max-width: 724px) 100vw, 724px\" \/><\/figure>\n\n\n\n<p>Professora do Curso de Fonoaudiologia e do Programa de P\u00f3s-Gradua\u00e7\u00e3o em Ci\u00eancias M\u00e9dicas da Universidade de Bras\u00edlia, Professora do Programa Associado de P\u00f3s-Gradua\u00e7\u00e3o em Fonoaudiologia da Universidade Federal da Para\u00edba, da Universidade Federal do Rio Grande do Norte e da Universidade Estadual de Ci\u00eancias da Sa\u00fade de Alagoas &#8211; PPgFon.  Especialista em Voz pelo Conselho Federal de Fonoaudiologia &#8211; CFFa e pelo Centro de Estudos da Voz &#8211; CECEV. P\u00f3s-Doutora em Dist\u00farbios da Comunica\u00e7\u00e3o Humana pela  UNIFESP. Doutora em Ci\u00eancias pela Universidade de S\u00e3o Paulo &#8211; FOB\/USP. Curr\u00edculo Lattes: http:\/\/lattes.cnpq.br\/2684465370313417<\/p>\n\n\n\n<p>         Alunos de Gradua\u00e7\u00e3o:&nbsp;<\/p>\n\n\n\n<ul class=\"wp-block-list\">\n<li>Antonio Marcos Silva Pereira<\/li>\n\n\n\n<li>Bianca Azevedo Ramalho<\/li>\n\n\n\n<li>Bianca Ferreira Soares<\/li>\n\n\n\n<li>Geiciana Kelly Delgado Martins<\/li>\n\n\n\n<li>Hanna Ven\u00e2ncio dos Santos<\/li>\n\n\n\n<li>Jos\u00e9 C\u00edcero Carias Dos Santos<\/li>\n\n\n\n<li>Kezia Alves Nascimento<\/li>\n\n\n\n<li>Layze de Santana Ara\u00fajo<\/li>\n\n\n\n<li>Let\u00edcia Santana Pessoa<\/li>\n\n\n\n<li>Lucinea da silva souza<\/li>\n\n\n\n<li>Maria Eduarda de Oliveira Barbosa Cavalcante<\/li>\n\n\n\n<li>Maria Eduarda Oliveira de Figueiredo<\/li>\n\n\n\n<li>Maria Helena de Sousa Oliveira<\/li>\n\n\n\n<li>Maria Luiza Cruz Leite Lira<\/li>\n\n\n\n<li>Maria Paiva Montenegro Neta<\/li>\n\n\n\n<li>Millany Soares de Melo<\/li>\n\n\n\n<li>Vinicios Vieira Lopes<\/li>\n\n\n\n<li>Vinicius Jefferson Dias Vieira<\/li>\n\n\n\n<li>\n<ul class=\"wp-block-list\">\n<li>Alunos de Mestrado<\/li>\n<\/ul>\n<\/li>\n\n\n\n<li>Gabriela Marques Paiva<\/li>\n\n\n\n<li>Gabrielle Stefany dos Santos Souza<\/li>\n\n\n\n<li>Giglyene Ferreira de Paiva Monteiro<\/li>\n\n\n\n<li>Hayala Maria Vieira Penaforte<\/li>\n\n\n\n<li>Maria J\u00falia Galindo<\/li>\n\n\n\n<li>Mical Tibne Peres de Oliveira<\/li>\n\n\n\n<li>Renata L\u00edgia Lima Batista<\/li>\n\n\n\n<li>\n<ul class=\"wp-block-list\">\n<li>Alunos de Doutorado<\/li>\n<\/ul>\n<\/li>\n\n\n\n<li>Alexandra Christine de Aguiar Silva<\/li>\n\n\n\n<li>Allan Carlos Fran\u00e7a da Silva<\/li>\n\n\n\n<li>Andr\u00e9 Wesley Dantas de Amorim<\/li>\n\n\n\n<li>Camila Macedo Araujo de Medeiros<\/li>\n\n\n\n<li>Denis de Jesus Batista<\/li>\n\n\n\n<li>Deyverson da Silva Evangelista<\/li>\n\n\n\n<li>Elliott Victor de Sousa Chaves<\/li>\n\n\n\n<li>Emile Rocha Santana<\/li>\n\n\n\n<li>Giulliana Karla Lacerda Pereira de Queiroz<\/li>\n\n\n\n<li>Heryka Maria Oliveira Lima<\/li>\n\n\n\n<li>Jo\u00e3o Marcos da Trindade Duarte<\/li>\n\n\n\n<li>Karoline Evangelista da Silva Paz<\/li>\n\n\n\n<li>Maxsuel Alves Avelino de Paiva<\/li>\n\n\n\n<li>Roberto Mendes dos Santos<\/li>\n\n\n\n<li>Samuel Ribeiro de Abreu<\/li>\n\n\n\n<li>Sauana Alves Leite de Alencar<\/li>\n\n\n\n<li>\n<ul class=\"wp-block-list\">\n<li>Alunos de P\u00f3s-doutorado<\/li>\n<\/ul>\n<\/li>\n\n\n\n<li>Dandara Barbosa Palhano Silva <\/li>\n<\/ul>\n\n\n\n<p><\/p>\n","protected":false},"excerpt":{"rendered":"<p>Atualmente o LIEV conta com cinco pesquisadores internos, sendo quatro professores\/pesquisadores pertencentes ao Departamento de [&hellip;]<\/p>\n","protected":false},"author":47,"featured_media":0,"parent":0,"menu_order":0,"comment_status":"closed","ping_status":"closed","template":"","meta":{"footnotes":""},"class_list":["post-136","page","type-page","status-publish","hentry"],"_links":{"self":[{"href":"https:\/\/www.ccs.ufpb.br\/liev\/wp-json\/wp\/v2\/pages\/136","targetHints":{"allow":["GET"]}}],"collection":[{"href":"https:\/\/www.ccs.ufpb.br\/liev\/wp-json\/wp\/v2\/pages"}],"about":[{"href":"https:\/\/www.ccs.ufpb.br\/liev\/wp-json\/wp\/v2\/types\/page"}],"author":[{"embeddable":true,"href":"https:\/\/www.ccs.ufpb.br\/liev\/wp-json\/wp\/v2\/users\/47"}],"replies":[{"embeddable":true,"href":"https:\/\/www.ccs.ufpb.br\/liev\/wp-json\/wp\/v2\/comments?post=136"}],"version-history":[{"count":10,"href":"https:\/\/www.ccs.ufpb.br\/liev\/wp-json\/wp\/v2\/pages\/136\/revisions"}],"predecessor-version":[{"id":226,"href":"https:\/\/www.ccs.ufpb.br\/liev\/wp-json\/wp\/v2\/pages\/136\/revisions\/226"}],"wp:attachment":[{"href":"https:\/\/www.ccs.ufpb.br\/liev\/wp-json\/wp\/v2\/media?parent=136"}],"curies":[{"name":"wp","href":"https:\/\/api.w.org\/{rel}","templated":true}]}}