{"id":8,"date":"2026-02-12T09:43:42","date_gmt":"2026-02-12T12:43:42","guid":{"rendered":"https:\/\/www.ccs.ufpb.br\/lanucam\/?page_id=8"},"modified":"2026-05-28T11:34:21","modified_gmt":"2026-05-28T14:34:21","slug":"quem-somos","status":"publish","type":"page","link":"https:\/\/www.ccs.ufpb.br\/lanucam\/quem-somos\/","title":{"rendered":"Quem Somos?"},"content":{"rendered":"\n<h2 class=\"wp-block-heading\"><div class=\"linha-header\">Coordena\u00e7\u00e3o<\/div><\/h2>\n\n\n\n<div class=\"wp-block-media-text is-stacked-on-mobile\" style=\"grid-template-columns:46% auto\"><figure class=\"wp-block-media-text__media\"><img loading=\"lazy\" decoding=\"async\" width=\"682\" height=\"1024\" src=\"https:\/\/www.ccs.ufpb.br\/lanucam\/wp-content\/uploads\/sites\/21\/sites\/447\/2026\/05\/image-682x1024.png\" alt=\"\" class=\"wp-image-64 size-full\" srcset=\"https:\/\/www.ccs.ufpb.br\/lanucam\/wp-content\/uploads\/sites\/21\/sites\/447\/2026\/05\/image-682x1024.png 682w, https:\/\/www.ccs.ufpb.br\/lanucam\/wp-content\/uploads\/sites\/21\/sites\/447\/2026\/05\/image-200x300.png 200w, https:\/\/www.ccs.ufpb.br\/lanucam\/wp-content\/uploads\/sites\/21\/sites\/447\/2026\/05\/image-768x1152.png 768w, https:\/\/www.ccs.ufpb.br\/lanucam\/wp-content\/uploads\/sites\/21\/sites\/447\/2026\/05\/image.png 853w\" sizes=\"auto, (max-width: 682px) 100vw, 682px\" \/><\/figure><div class=\"wp-block-media-text__content\">\n<p class=\"wp-block-paragraph\">Jos\u00e9 Luiz de Brito Alves<\/p>\n\n\n\n<p class=\"wp-block-paragraph\">Nutricionista, mestre em Nutri\u00e7\u00e3o e doutor em Neuropsiquiatria e Ci\u00eancias do Comportamento pela Universidade Federal de Pernambuco (UFPE), com per\u00edodo de doutorado sandu\u00edche na Universit\u00e9 Lyon 1, na Fran\u00e7a. Atua como professor do Departamento de Nutri\u00e7\u00e3o da Universidade Federal da Para\u00edba (UFPB) e docente permanente dos programas de p\u00f3s-gradua\u00e7\u00e3o em Ci\u00eancias da Nutri\u00e7\u00e3o (PPGCN-UFPB) e em Ci\u00eancias Fisiol\u00f3gicas. Coordena o LaNuCaM e desenvolve pesquisas nas \u00e1reas de Fisiologia da Nutri\u00e7\u00e3o, Fisiologia Cardiovascular, Nutri\u00e7\u00e3o Cl\u00ednica e Pesquisa Translacional, com foco na investiga\u00e7\u00e3o dos mecanismos fisiopatol\u00f3gicos envolvidos na hipertens\u00e3o arterial e em outras doen\u00e7as cr\u00f4nicas n\u00e3o transmiss\u00edveis, especialmente relacionados \u00e0 modula\u00e7\u00e3o do microbioma intestinal.<\/p>\n\n\n\n<p class=\"wp-block-paragraph\">E-mail: jose.luiz@academico.ufpb.br<\/p>\n\n\n\n<p class=\"wp-block-paragraph\"><a href=\"http:\/\/lattes.cnpq.br\/6771368391025310\" data-type=\"link\" data-id=\"http:\/\/lattes.cnpq.br\/6771368391025310\">Curr\u00edculo Lattes<\/a><\/p>\n<\/div><\/div>\n\n\n\n<h1 class=\"wp-block-heading\">Alunos (as) de P\u00f3s-Gradua\u00e7\u00e3o<\/h1>\n\n\n\n<h2 class=\"wp-block-heading\"><div class=\"linha-header\">Doutorado<\/div><\/h2>\n\n\n\n<div class=\"wp-block-media-text is-stacked-on-mobile\" style=\"grid-template-columns:38% auto\"><figure class=\"wp-block-media-text__media\"><img loading=\"lazy\" decoding=\"async\" width=\"608\" height=\"595\" src=\"http:\/\/www.ccs.ufpb.br\/lanucam\/wp-content\/uploads\/sites\/21\/sites\/447\/2026\/05\/WhatsApp-Image-2026-05-26-at-20.13.52-e1779838272367.jpeg\" alt=\"\" class=\"wp-image-65 size-full\" srcset=\"https:\/\/www.ccs.ufpb.br\/lanucam\/wp-content\/uploads\/sites\/21\/sites\/447\/2026\/05\/WhatsApp-Image-2026-05-26-at-20.13.52-e1779838272367.jpeg 608w, https:\/\/www.ccs.ufpb.br\/lanucam\/wp-content\/uploads\/sites\/21\/sites\/447\/2026\/05\/WhatsApp-Image-2026-05-26-at-20.13.52-e1779838272367-300x294.jpeg 300w\" sizes=\"auto, (max-width: 608px) 100vw, 608px\" \/><\/figure><div class=\"wp-block-media-text__content\">\n<p class=\"wp-block-paragraph\">Micaelle Oliveira de Luna Freire<\/p>\n\n\n\n<p class=\"wp-block-paragraph\">Tese de Doutorado: Modula\u00e7\u00e3o da microbiota intestinal no tratamento da hipertens\u00e3o arterial: desenvolvimento e prospec\u00e7\u00e3o de novo produto nutrac\u00eautico contendo probi\u00f3ticos e cogumelos.<\/p>\n\n\n\n<p class=\"wp-block-paragraph\">E-mail: micamacario@gmail.com<\/p>\n\n\n\n<p class=\"wp-block-paragraph\"><a href=\"http:\/\/lattes.cnpq.br\/4369570364115309\" data-type=\"link\" data-id=\"http:\/\/lattes.cnpq.br\/4369570364115309\">Curr\u00edculo Lattes<\/a><\/p>\n<\/div><\/div>\n\n\n\n<div class=\"wp-block-media-text is-stacked-on-mobile\" style=\"grid-template-columns:38% auto\"><figure class=\"wp-block-media-text__media\"><img decoding=\"async\" src=\"https:\/\/www.ccs.ufpb.br\/lanucam\/wp-content\/uploads\/sites\/21\/sites\/447\/2026\/05\/WhatsApp-Image-2026-05-26-at-20.17.36-e1779837862507.jpeg\" alt=\"\" class=\"wp-image-66 size-full\" \/><\/figure><div class=\"wp-block-media-text__content\">\n<p class=\"wp-block-paragraph\">Jos\u00e9 Patroc\u00ednio Ribeiro Cruz Neto<\/p>\n\n\n\n<p class=\"wp-block-paragraph\">Tese de Doutorado: Potencial terap\u00eautico de um novo probuto simbi\u00f3tico contendo Limosilactobacillus fermentum e polifen\u00f3is em modelo experimental de dieta ocidentalizada: evid\u00eancias integradas entre microbiota intestinal, metabol\u00f4mica e par\u00e2metros cardiometab\u00f3licos<\/p>\n\n\n\n<p class=\"wp-block-paragraph\">E-mail: patrocinio.neto.eltc@gmail.com<\/p>\n\n\n\n<p class=\"wp-block-paragraph\"><a href=\"http:\/\/lattes.cnpq.br\/8577784606591836\" data-type=\"link\" data-id=\"http:\/\/lattes.cnpq.br\/8577784606591836\">Curr\u00edculo Lattes<\/a><\/p>\n<\/div><\/div>\n\n\n\n<div class=\"wp-block-media-text is-stacked-on-mobile\" style=\"grid-template-columns:38% auto\"><figure class=\"wp-block-media-text__media\"><img loading=\"lazy\" decoding=\"async\" width=\"697\" height=\"671\" src=\"http:\/\/www.ccs.ufpb.br\/lanucam\/wp-content\/uploads\/sites\/21\/sites\/447\/2026\/05\/WhatsApp-Image-2026-05-26-at-20.47.07-e1779839856663.jpeg\" alt=\"\" class=\"wp-image-69 size-full\" srcset=\"https:\/\/www.ccs.ufpb.br\/lanucam\/wp-content\/uploads\/sites\/21\/sites\/447\/2026\/05\/WhatsApp-Image-2026-05-26-at-20.47.07-e1779839856663.jpeg 697w, https:\/\/www.ccs.ufpb.br\/lanucam\/wp-content\/uploads\/sites\/21\/sites\/447\/2026\/05\/WhatsApp-Image-2026-05-26-at-20.47.07-e1779839856663-300x289.jpeg 300w\" sizes=\"auto, (max-width: 697px) 100vw, 697px\" \/><\/figure><div class=\"wp-block-media-text__content\">\n<p class=\"wp-block-paragraph\">J\u00falio Cavalcanti de Oliveira<\/p>\n\n\n\n<p class=\"wp-block-paragraph\">Tese de Doutorado: &nbsp;Efeito da Alimenta\u00e7\u00e3o Cardioprotetora Brasileira adaptada e suplementada com fitoster\u00f3is e\/ou \u00f3leo de krill sobre o microbioma intestinal de pacientes com hipercolesterolemia familiar.<\/p>\n\n\n\n<p class=\"wp-block-paragraph\">E-mail: jco@academico.ufpb.br<\/p>\n\n\n\n<p class=\"wp-block-paragraph\"><a href=\"http:\/\/lattes.cnpq.br\/0250053565205987\" data-type=\"link\" data-id=\"http:\/\/lattes.cnpq.br\/0250053565205987\">Curr\u00edculo Lattes<\/a><\/p>\n<\/div><\/div>\n\n\n\n<div class=\"wp-block-media-text is-stacked-on-mobile\" style=\"grid-template-columns:38% auto\"><figure class=\"wp-block-media-text__media\"><img loading=\"lazy\" decoding=\"async\" width=\"921\" height=\"867\" src=\"http:\/\/www.ccs.ufpb.br\/lanucam\/wp-content\/uploads\/sites\/21\/sites\/447\/2026\/05\/WhatsApp-Image-2026-05-26-at-20.51.54-e1779839781321.jpeg\" alt=\"\" class=\"wp-image-70 size-full\" srcset=\"https:\/\/www.ccs.ufpb.br\/lanucam\/wp-content\/uploads\/sites\/21\/sites\/447\/2026\/05\/WhatsApp-Image-2026-05-26-at-20.51.54-e1779839781321.jpeg 921w, https:\/\/www.ccs.ufpb.br\/lanucam\/wp-content\/uploads\/sites\/21\/sites\/447\/2026\/05\/WhatsApp-Image-2026-05-26-at-20.51.54-e1779839781321-300x282.jpeg 300w, https:\/\/www.ccs.ufpb.br\/lanucam\/wp-content\/uploads\/sites\/21\/sites\/447\/2026\/05\/WhatsApp-Image-2026-05-26-at-20.51.54-e1779839781321-768x723.jpeg 768w\" sizes=\"auto, (max-width: 921px) 100vw, 921px\" \/><\/figure><div class=\"wp-block-media-text__content\">\n<p class=\"wp-block-paragraph\">Ric\u00e1cia de Sousa Silva<\/p>\n\n\n\n<p class=\"wp-block-paragraph\">Tese de Doutorado: Elabora\u00e7\u00e3o de nutrac\u00eautico simbi\u00f3tico composto por ju\u00e1 (Ziziphus joazeiro M.) e cepas potencialmente probi\u00f3ticas e avalia\u00e7\u00e3o dos efeitos sobre marcadores bioqu\u00edmicos e microbiota intestinal de indiv\u00edduos saud\u00e1veis<\/p>\n\n\n\n<p class=\"wp-block-paragraph\">E-mail: ricacia_souza1@hotmail.com<\/p>\n\n\n\n<p class=\"wp-block-paragraph\"><a href=\"http:\/\/lattes.cnpq.br\/0680069343438871\" data-type=\"link\" data-id=\"http:\/\/lattes.cnpq.br\/0680069343438871\">Curr\u00edculo Lattes<\/a><\/p>\n<\/div><\/div>\n\n\n\n<div class=\"wp-block-media-text is-stacked-on-mobile\" style=\"grid-template-columns:38% auto\"><figure class=\"wp-block-media-text__media\"><img loading=\"lazy\" decoding=\"async\" width=\"706\" height=\"648\" src=\"http:\/\/www.ccs.ufpb.br\/lanucam\/wp-content\/uploads\/sites\/21\/sites\/447\/2026\/05\/image-1-e1779840191211.png\" alt=\"\" class=\"wp-image-71 size-full\" srcset=\"https:\/\/www.ccs.ufpb.br\/lanucam\/wp-content\/uploads\/sites\/21\/sites\/447\/2026\/05\/image-1-e1779840191211.png 706w, https:\/\/www.ccs.ufpb.br\/lanucam\/wp-content\/uploads\/sites\/21\/sites\/447\/2026\/05\/image-1-e1779840191211-300x275.png 300w\" sizes=\"auto, (max-width: 706px) 100vw, 706px\" \/><\/figure><div class=\"wp-block-media-text__content\">\n<p class=\"wp-block-paragraph\">Pietra Maria Pereira Lima<\/p>\n\n\n\n<p class=\"wp-block-paragraph\">Tese de Doutorado: Efeitos da restri\u00e7\u00e3o proteica diet\u00e9tica sobre biomarcadores de fun\u00e7\u00e3o cardiorrenal e o microbioma intestinal em pacientes com doen\u00e7a renal cr\u00f4nica em tratamento conservador.<\/p>\n\n\n\n<p class=\"wp-block-paragraph\">E-mail: pietrampl20@gmail.com<\/p>\n\n\n\n<p class=\"wp-block-paragraph\"><a href=\"http:\/\/lattes.cnpq.br\/2458554741747405\" data-type=\"link\" data-id=\"http:\/\/lattes.cnpq.br\/2458554741747405\">Curr\u00edculo Lattes<\/a><\/p>\n<\/div><\/div>\n\n\n\n<div class=\"wp-block-media-text is-stacked-on-mobile\" style=\"grid-template-columns:38% auto\"><figure class=\"wp-block-media-text__media\"><img loading=\"lazy\" decoding=\"async\" width=\"796\" height=\"745\" src=\"http:\/\/www.ccs.ufpb.br\/lanucam\/wp-content\/uploads\/sites\/21\/sites\/447\/2026\/05\/WhatsApp-Image-2026-05-26-at-21.06.39-e1779840505735.jpeg\" alt=\"\" class=\"wp-image-72 size-full\" srcset=\"https:\/\/www.ccs.ufpb.br\/lanucam\/wp-content\/uploads\/sites\/21\/sites\/447\/2026\/05\/WhatsApp-Image-2026-05-26-at-21.06.39-e1779840505735.jpeg 796w, https:\/\/www.ccs.ufpb.br\/lanucam\/wp-content\/uploads\/sites\/21\/sites\/447\/2026\/05\/WhatsApp-Image-2026-05-26-at-21.06.39-e1779840505735-300x281.jpeg 300w, https:\/\/www.ccs.ufpb.br\/lanucam\/wp-content\/uploads\/sites\/21\/sites\/447\/2026\/05\/WhatsApp-Image-2026-05-26-at-21.06.39-e1779840505735-768x719.jpeg 768w\" sizes=\"auto, (max-width: 796px) 100vw, 796px\" \/><\/figure><div class=\"wp-block-media-text__content\">\n<p class=\"wp-block-paragraph\">Ludmilla Christine Silva de Sales<\/p>\n\n\n\n<p class=\"wp-block-paragraph\">Tese de Doutorado: Modula\u00e7\u00e3o da microbiota intestinal no tratamento da hipertens\u00e3o arterial: um estudo randomizado e controlado por placebo.<\/p>\n\n\n\n<p class=\"wp-block-paragraph\">E-mail: nutriludmillasales@gmail.com<\/p>\n\n\n\n<p class=\"wp-block-paragraph\"><a href=\"http:\/\/lattes.cnpq.br\/0457387926180028\" data-type=\"link\" data-id=\"http:\/\/lattes.cnpq.br\/0457387926180028\">Curr\u00edculo Lattes<\/a><\/p>\n<\/div><\/div>\n\n\n\n<div class=\"wp-block-media-text is-stacked-on-mobile\" style=\"grid-template-columns:38% auto\"><figure class=\"wp-block-media-text__media\"><img loading=\"lazy\" decoding=\"async\" width=\"736\" height=\"648\" src=\"http:\/\/www.ccs.ufpb.br\/lanucam\/wp-content\/uploads\/sites\/21\/sites\/447\/2026\/05\/WhatsApp-Image-2026-05-26-at-21.16.37-e1779841069722.jpeg\" alt=\"\" class=\"wp-image-74 size-full\" srcset=\"https:\/\/www.ccs.ufpb.br\/lanucam\/wp-content\/uploads\/sites\/21\/sites\/447\/2026\/05\/WhatsApp-Image-2026-05-26-at-21.16.37-e1779841069722.jpeg 736w, https:\/\/www.ccs.ufpb.br\/lanucam\/wp-content\/uploads\/sites\/21\/sites\/447\/2026\/05\/WhatsApp-Image-2026-05-26-at-21.16.37-e1779841069722-300x264.jpeg 300w\" sizes=\"auto, (max-width: 736px) 100vw, 736px\" \/><\/figure><div class=\"wp-block-media-text__content\">\n<p class=\"wp-block-paragraph\">Erika Mayra de Almeida Barreto<\/p>\n\n\n\n<p class=\"wp-block-paragraph\">Tese de Doutorado: Efeitos da suplementa\u00e7\u00e3o de cogumelo (Pleurotus ostreatus) na press\u00e3o arterial, fun\u00e7\u00e3o auton\u00f4mica e microbiota intestinal em indiv\u00edduos com hipertens\u00e3o arterial: um ensaio cl\u00ednico randomizado, duplo-cego e controlado por placebo.&nbsp;<\/p>\n\n\n\n<p class=\"wp-block-paragraph\">E-mail: erikamayra28@hotmail.com<\/p>\n\n\n\n<p class=\"wp-block-paragraph\"><a href=\"http:\/\/lattes.cnpq.br\/2120168323094087\" data-type=\"link\" data-id=\"http:\/\/lattes.cnpq.br\/2120168323094087\">Curr\u00edculo Lattes<\/a><\/p>\n<\/div><\/div>\n\n\n\n<div class=\"wp-block-media-text is-stacked-on-mobile\" style=\"grid-template-columns:38% auto\"><figure class=\"wp-block-media-text__media\"><img loading=\"lazy\" decoding=\"async\" width=\"725\" height=\"670\" src=\"http:\/\/www.ccs.ufpb.br\/lanucam\/wp-content\/uploads\/sites\/21\/sites\/447\/2026\/05\/WhatsApp-Image-2026-05-26-at-21.24.45-e1779841534716.jpeg\" alt=\"\" class=\"wp-image-76 size-full\" srcset=\"https:\/\/www.ccs.ufpb.br\/lanucam\/wp-content\/uploads\/sites\/21\/sites\/447\/2026\/05\/WhatsApp-Image-2026-05-26-at-21.24.45-e1779841534716.jpeg 725w, https:\/\/www.ccs.ufpb.br\/lanucam\/wp-content\/uploads\/sites\/21\/sites\/447\/2026\/05\/WhatsApp-Image-2026-05-26-at-21.24.45-e1779841534716-300x277.jpeg 300w\" sizes=\"auto, (max-width: 725px) 100vw, 725px\" \/><\/figure><div class=\"wp-block-media-text__content\">\n<p class=\"wp-block-paragraph\">Rayanne Maira Felix Ribeiro Alves<\/p>\n\n\n\n<p class=\"wp-block-paragraph\">Tese de Doutorado: BerryProGut: Investiga\u00e7\u00e3o de um novo produto bioterap\u00eautico com alvo na modula\u00e7\u00e3o da microbiota intestinal e seus impactos na press\u00e3o arterial.<\/p>\n\n\n\n<p class=\"wp-block-paragraph\">E-mail: rayanne.mr.alves@gmail.com<\/p>\n\n\n\n<p class=\"wp-block-paragraph\"><a href=\"http:\/\/lattes.cnpq.br\/2063250420937841\" data-type=\"link\" data-id=\"http:\/\/lattes.cnpq.br\/2063250420937841\">Curr\u00edculo Lattes<\/a><\/p>\n<\/div><\/div>\n\n\n\n<div class=\"wp-block-media-text is-stacked-on-mobile\" style=\"grid-template-columns:38% auto\"><figure class=\"wp-block-media-text__media\"><img loading=\"lazy\" decoding=\"async\" width=\"544\" height=\"510\" src=\"http:\/\/www.ccs.ufpb.br\/lanucam\/wp-content\/uploads\/sites\/21\/sites\/447\/2026\/05\/WhatsApp-Image-2026-05-26-at-21.07.25-e1779840674347.jpeg\" alt=\"\" class=\"wp-image-73 size-full\" srcset=\"https:\/\/www.ccs.ufpb.br\/lanucam\/wp-content\/uploads\/sites\/21\/sites\/447\/2026\/05\/WhatsApp-Image-2026-05-26-at-21.07.25-e1779840674347.jpeg 544w, https:\/\/www.ccs.ufpb.br\/lanucam\/wp-content\/uploads\/sites\/21\/sites\/447\/2026\/05\/WhatsApp-Image-2026-05-26-at-21.07.25-e1779840674347-300x281.jpeg 300w\" sizes=\"auto, (max-width: 544px) 100vw, 544px\" \/><\/figure><div class=\"wp-block-media-text__content\">\n<p class=\"wp-block-paragraph\">Cristiane Cosmo Silva Luis<\/p>\n\n\n\n<p class=\"wp-block-paragraph\">Tese de Doutorado: Impacto de um protocolo de treinamento f\u00edsico e educa\u00e7\u00e3o alimentar e nutricional sobre a perda de peso, par\u00e2metros e bioqu\u00edmicos em crian\u00e7a com obesidade: um ensaio cl\u00ednico randomizado.<\/p>\n\n\n\n<p class=\"wp-block-paragraph\">E-mail: criscosmosilva@gmail.com<\/p>\n\n\n\n<p class=\"wp-block-paragraph\"><a href=\"http:\/\/lattes.cnpq.br\/0519564746074365\" data-type=\"link\" data-id=\"http:\/\/lattes.cnpq.br\/0519564746074365\">Curr\u00edculo Lattes<\/a><\/p>\n<\/div><\/div>\n\n\n\n<div class=\"wp-block-media-text is-stacked-on-mobile\" style=\"grid-template-columns:38% auto\"><figure class=\"wp-block-media-text__media\"><img loading=\"lazy\" decoding=\"async\" width=\"1024\" height=\"992\" src=\"http:\/\/www.ccs.ufpb.br\/lanucam\/wp-content\/uploads\/sites\/21\/sites\/447\/2026\/05\/WhatsApp-Image-2026-05-27-at-13.28.35-e1779915646404-1024x992.jpeg\" alt=\"\" class=\"wp-image-166 size-full\" srcset=\"https:\/\/www.ccs.ufpb.br\/lanucam\/wp-content\/uploads\/sites\/21\/sites\/447\/2026\/05\/WhatsApp-Image-2026-05-27-at-13.28.35-e1779915646404-1024x992.jpeg 1024w, https:\/\/www.ccs.ufpb.br\/lanucam\/wp-content\/uploads\/sites\/21\/sites\/447\/2026\/05\/WhatsApp-Image-2026-05-27-at-13.28.35-e1779915646404-300x290.jpeg 300w, https:\/\/www.ccs.ufpb.br\/lanucam\/wp-content\/uploads\/sites\/21\/sites\/447\/2026\/05\/WhatsApp-Image-2026-05-27-at-13.28.35-e1779915646404-768x744.jpeg 768w, https:\/\/www.ccs.ufpb.br\/lanucam\/wp-content\/uploads\/sites\/21\/sites\/447\/2026\/05\/WhatsApp-Image-2026-05-27-at-13.28.35-e1779915646404.jpeg 1040w\" sizes=\"auto, (max-width: 1024px) 100vw, 1024px\" \/><\/figure><div class=\"wp-block-media-text__content\">\n<p class=\"wp-block-paragraph\">Fabiana G\u00f3es Barbosa de Freitas<\/p>\n\n\n\n<p class=\"wp-block-paragraph\">Tese de Doutorado: Efeitos da fibra do caj\u00fa sobre a microbiota intestinal e par\u00e2metros cardiometab\u00f3licos em pacientes com diabetes mellitus tipo 2: um ensaio cl\u00ednico.<\/p>\n\n\n\n<p class=\"wp-block-paragraph\">E-mail: fabygoesfreitas@gmail.com<\/p>\n\n\n\n<p class=\"wp-block-paragraph\"><a href=\"http:\/\/lattes.cnpq.br\/2484295603933387\" data-type=\"link\" data-id=\"http:\/\/lattes.cnpq.br\/2484295603933387\">Curr\u00edculo Lattes<\/a><\/p>\n<\/div><\/div>\n\n\n\n<h2 class=\"wp-block-heading\"><div class=\"linha-header\">Mestrado<\/div><\/h2>\n\n\n\n<div class=\"wp-block-media-text is-stacked-on-mobile\" style=\"grid-template-columns:38% auto\"><figure class=\"wp-block-media-text__media\"><img loading=\"lazy\" decoding=\"async\" width=\"516\" height=\"510\" src=\"https:\/\/www.ccs.ufpb.br\/lanucam\/wp-content\/uploads\/sites\/21\/sites\/447\/2026\/05\/image-2.png\" alt=\"\" class=\"wp-image-75 size-full\" srcset=\"https:\/\/www.ccs.ufpb.br\/lanucam\/wp-content\/uploads\/sites\/21\/sites\/447\/2026\/05\/image-2.png 516w, https:\/\/www.ccs.ufpb.br\/lanucam\/wp-content\/uploads\/sites\/21\/sites\/447\/2026\/05\/image-2-300x297.png 300w\" sizes=\"auto, (max-width: 516px) 100vw, 516px\" \/><\/figure><div class=\"wp-block-media-text__content\">\n<p class=\"wp-block-paragraph\">Palloma Karlla Cantalice Matias<\/p>\n\n\n\n<p class=\"wp-block-paragraph\">Disserta\u00e7\u00e3o de Mestrado: Introdu\u00e7\u00e3o precoce de alimentos ultraprocessados e suas repercuss\u00f5es sobre par\u00e2metros cardiovasculares e metab\u00f3licos em crian\u00e7as.<\/p>\n\n\n\n<p class=\"wp-block-paragraph\">E-mail: pallomacm02@gmail.com<\/p>\n\n\n\n<p class=\"wp-block-paragraph\"><a href=\"http:\/\/lattes.cnpq.br\/7553289215630943\" data-type=\"link\" data-id=\"http:\/\/lattes.cnpq.br\/7553289215630943\">Curr\u00edculo Lattes<\/a><\/p>\n<\/div><\/div>\n\n\n\n<div class=\"wp-block-media-text is-stacked-on-mobile\" style=\"grid-template-columns:38% auto\"><figure class=\"wp-block-media-text__media\"><img loading=\"lazy\" decoding=\"async\" width=\"920\" height=\"957\" src=\"http:\/\/www.ccs.ufpb.br\/lanucam\/wp-content\/uploads\/sites\/21\/sites\/447\/2026\/05\/WhatsApp-Image-2026-05-26-at-20.27.29-e1779838458606.jpeg\" alt=\"\" class=\"wp-image-68 size-full\" srcset=\"https:\/\/www.ccs.ufpb.br\/lanucam\/wp-content\/uploads\/sites\/21\/sites\/447\/2026\/05\/WhatsApp-Image-2026-05-26-at-20.27.29-e1779838458606.jpeg 920w, https:\/\/www.ccs.ufpb.br\/lanucam\/wp-content\/uploads\/sites\/21\/sites\/447\/2026\/05\/WhatsApp-Image-2026-05-26-at-20.27.29-e1779838458606-288x300.jpeg 288w, https:\/\/www.ccs.ufpb.br\/lanucam\/wp-content\/uploads\/sites\/21\/sites\/447\/2026\/05\/WhatsApp-Image-2026-05-26-at-20.27.29-e1779838458606-768x799.jpeg 768w\" sizes=\"auto, (max-width: 920px) 100vw, 920px\" \/><\/figure><div class=\"wp-block-media-text__content\">\n<p class=\"wp-block-paragraph\">Daniella de Oliveira Coutinho<\/p>\n\n\n\n<p class=\"wp-block-paragraph\">Disserta\u00e7\u00e3o de Mestrado: Participa\u00e7\u00e3o da modula\u00e7\u00e3o vagal mediada por \u00e1cidos graxos de cadeia curta (AGCC) nos efeitos press\u00f3ricos e auton\u00f4micos de probi\u00f3ticos em um modelo de hipertens\u00e3o renovascular.<\/p>\n\n\n\n<p class=\"wp-block-paragraph\">E-mail: daniella.coutinho@academico.ufpb.br<\/p>\n\n\n\n<p class=\"wp-block-paragraph\"><a href=\"http:\/\/lattes.cnpq.br\/6307514712838216\" data-type=\"link\" data-id=\"http:\/\/lattes.cnpq.br\/6307514712838216\">Curr\u00edculo Lattes<\/a><\/p>\n<\/div><\/div>\n\n\n\n<h2 class=\"wp-block-heading\"><div class=\"linha-header\">Pesquisador Colaborador<\/div><\/h2>\n\n\n\n<div class=\"wp-block-media-text is-stacked-on-mobile\" style=\"grid-template-columns:38% auto\"><figure class=\"wp-block-media-text__media\"><img loading=\"lazy\" decoding=\"async\" width=\"858\" height=\"1024\" src=\"https:\/\/www.ccs.ufpb.br\/lanucam\/wp-content\/uploads\/sites\/21\/sites\/447\/2026\/05\/WhatsApp-Image-2026-05-27-at-12.22.53-858x1024.jpeg\" alt=\"\" class=\"wp-image-110 size-full\" srcset=\"https:\/\/www.ccs.ufpb.br\/lanucam\/wp-content\/uploads\/sites\/21\/sites\/447\/2026\/05\/WhatsApp-Image-2026-05-27-at-12.22.53-858x1024.jpeg 858w, https:\/\/www.ccs.ufpb.br\/lanucam\/wp-content\/uploads\/sites\/21\/sites\/447\/2026\/05\/WhatsApp-Image-2026-05-27-at-12.22.53-251x300.jpeg 251w, https:\/\/www.ccs.ufpb.br\/lanucam\/wp-content\/uploads\/sites\/21\/sites\/447\/2026\/05\/WhatsApp-Image-2026-05-27-at-12.22.53-768x917.jpeg 768w, https:\/\/www.ccs.ufpb.br\/lanucam\/wp-content\/uploads\/sites\/21\/sites\/447\/2026\/05\/WhatsApp-Image-2026-05-27-at-12.22.53.jpeg 944w\" sizes=\"auto, (max-width: 858px) 100vw, 858px\" \/><\/figure><div class=\"wp-block-media-text__content\">\n<p class=\"wp-block-paragraph\">Paulo C\u00e9sar da Costa Trindade<\/p>\n\n\n\n<p class=\"wp-block-paragraph\">E-mail: paulocesarnutricionista@gmail.com<\/p>\n\n\n\n<p class=\"wp-block-paragraph\"><a href=\"http:\/\/lattes.cnpq.br\/3561880881631626\" data-type=\"link\" data-id=\"http:\/\/lattes.cnpq.br\/3561880881631626\">Curr\u00edculo Lattes<\/a><\/p>\n<\/div><\/div>\n\n\n\n<h1 class=\"wp-block-heading\">Membros Egressos<\/h1>\n\n\n\n<h2 class=\"wp-block-heading\"><div class=\"linha-header\">Teses de Doutorado<\/div><\/h2>\n\n\n\n<p class=\"wp-block-paragraph\"><a href=\"http:\/\/lattes.cnpq.br\/0833074656172442\" data-type=\"link\" data-id=\"http:\/\/lattes.cnpq.br\/0833074656172442\">Keyth Sulamitta de Lima Guimar\u00e3es<\/a><\/p>\n\n\n\n<p class=\"wp-block-paragraph\"><a href=\"http:\/\/lattes.cnpq.br\/4284645918034242\" data-type=\"link\" data-id=\"http:\/\/lattes.cnpq.br\/4284645918034242\">Luciana Caroline Paulino do Nascimento<\/a><\/p>\n\n\n\n<p class=\"wp-block-paragraph\"><a href=\"http:\/\/lattes.cnpq.br\/8204526186741969\" data-type=\"link\" data-id=\"http:\/\/lattes.cnpq.br\/8204526186741969\">Yohanna de Oliveira<\/a><\/p>\n\n\n\n<p class=\"wp-block-paragraph\"><a href=\"http:\/\/lattes.cnpq.br\/1350978716020508\" data-type=\"link\" data-id=\"http:\/\/lattes.cnpq.br\/1350978716020508\">Nara N\u00f3brega Crispim Carvalho<\/a><\/p>\n\n\n\n<p class=\"wp-block-paragraph\"><a href=\"http:\/\/lattes.cnpq.br\/3561880881631626\" data-type=\"link\" data-id=\"http:\/\/lattes.cnpq.br\/3561880881631626\">Paulo C\u00e9sar Trindade da Costa<\/a><\/p>\n\n\n\n<h2 class=\"wp-block-heading\"><div class=\"linha-header\">Disserta\u00e7\u00f5es de Mestrado<\/div><\/h2>\n\n\n\n<p class=\"wp-block-paragraph\"><a href=\"http:\/\/lattes.cnpq.br\/2292436575732627\" data-type=\"link\" data-id=\"http:\/\/lattes.cnpq.br\/2292436575732627\">Emmanuel Ver\u00edssimo de Ara\u00fajo<\/a><\/p>\n\n\n\n<p class=\"wp-block-paragraph\"><a href=\"http:\/\/lattes.cnpq.br\/6084286289761700\" data-type=\"link\" data-id=\"http:\/\/lattes.cnpq.br\/6084286289761700\">Raissa Georgianna Silva Cavalcante<\/a><\/p>\n\n\n\n<p class=\"wp-block-paragraph\"><a href=\"http:\/\/lattes.cnpq.br\/8530502705428469\" data-type=\"link\" data-id=\"http:\/\/lattes.cnpq.br\/8530502705428469\">Mar\u00edlia Marques Pereira Lira<\/a><\/p>\n\n\n\n<p class=\"wp-block-paragraph\"><a href=\"http:\/\/lattes.cnpq.br\/4612975914259202\" data-type=\"link\" data-id=\"http:\/\/lattes.cnpq.br\/4612975914259202\">Larissa de F\u00e1tima Rom\u00e3o da Silva<\/a><\/p>\n\n\n\n<p class=\"wp-block-paragraph\"><a href=\"http:\/\/lattes.cnpq.br\/9517190461003837\" data-type=\"link\" data-id=\"http:\/\/lattes.cnpq.br\/9517190461003837\">Karla Thuany De Oliveira Santos<\/a><\/p>\n\n\n\n<p class=\"wp-block-paragraph\"><a href=\"http:\/\/lattes.cnpq.br\/5837336839751785\" data-type=\"link\" data-id=\"http:\/\/lattes.cnpq.br\/5837336839751785\">Georgianna de Ara\u00fajo Henriques Ferreira<\/a><\/p>\n\n\n\n<p class=\"wp-block-paragraph\"><a href=\"http:\/\/lattes.cnpq.br\/7037926745689702\" data-type=\"link\" data-id=\"http:\/\/lattes.cnpq.br\/7037926745689702\">Lucas Alves Carneiro dos Santos<\/a><\/p>\n\n\n\n<p class=\"wp-block-paragraph\"><a href=\"http:\/\/lattes.cnpq.br\/8721263076244194\" data-type=\"link\" data-id=\"http:\/\/lattes.cnpq.br\/8721263076244194\">Davyson Barbosa Duarte<\/a><\/p>\n\n\n\n<p class=\"wp-block-paragraph\"><a href=\"http:\/\/lattes.cnpq.br\/9064171522242399\" data-type=\"link\" data-id=\"http:\/\/lattes.cnpq.br\/9064171522242399\">Larissa Ara\u00fajo Maia<\/a><\/p>\n\n\n\n<p class=\"wp-block-paragraph\"><a href=\"http:\/\/lattes.cnpq.br\/3041723895871040\" data-type=\"link\" data-id=\"http:\/\/lattes.cnpq.br\/3041723895871040\">Deborah Emanuelle de Albuquerque Lemos<\/a><\/p>\n\n\n\n<p class=\"wp-block-paragraph\"><a href=\"http:\/\/lattes.cnpq.br\/9540995519407555\" data-type=\"link\" data-id=\"http:\/\/lattes.cnpq.br\/9540995519407555\">Maria Luiza Alves Souza<\/a><\/p>\n\n\n\n<p class=\"wp-block-paragraph\"><a href=\"http:\/\/lattes.cnpq.br\/3401649050411556\" data-type=\"link\" data-id=\"http:\/\/lattes.cnpq.br\/3401649050411556\">J\u00e9ssica Maria Alves Brasil<\/a><\/p>\n\n\n\n<p class=\"wp-block-paragraph\"><a href=\"http:\/\/lattes.cnpq.br\/4369570364115309\" data-type=\"link\" data-id=\"http:\/\/lattes.cnpq.br\/4369570364115309\">Micaelle Oliveira de Luna Freire<\/a><\/p>\n\n\n\n<p class=\"wp-block-paragraph\"><a href=\"http:\/\/lattes.cnpq.br\/8577784606591836\" data-type=\"link\" data-id=\"http:\/\/lattes.cnpq.br\/8577784606591836\">Jos\u00e9 Patroc\u00ednio Ribeiro Cruz Neto<\/a><\/p>\n\n\n\n<p class=\"wp-block-paragraph\"><a href=\"http:\/\/lattes.cnpq.br\/2458554741747405\" data-type=\"link\" data-id=\"http:\/\/lattes.cnpq.br\/2458554741747405\">Pietra Maria Pereira Lima<\/a><\/p>\n\n\n\n<h2 class=\"wp-block-heading\"><div class=\"linha-header\">Supervis\u00f5es de P\u00f3s-Doutorado<\/div><\/h2>\n\n\n\n<p class=\"wp-block-paragraph\"><a href=\"http:\/\/lattes.cnpq.br\/8311341402976845\">Nathalia Caroline de Oliveira Melo<\/a><\/p>\n\n\n\n<p class=\"wp-block-paragraph\"><a href=\"http:\/\/lattes.cnpq.br\/0111040827559522\">Fernanda Priscila Barbosa Ribeiro<\/a><\/p>\n\n\n\n<p class=\"wp-block-paragraph\"><a href=\"http:\/\/lattes.cnpq.br\/9955258343251786\">Ad\u00e9lia da Costa Pereira de Arruda Neta<\/a><\/p>\n\n\n\n<p class=\"wp-block-paragraph\"><a href=\"http:\/\/lattes.cnpq.br\/0637897424303835\">Diego Cabral Lacerda<\/a><\/p>\n\n\n\n<p class=\"wp-block-paragraph\"><\/p>\n","protected":false},"excerpt":{"rendered":"<p>Coordena\u00e7\u00e3o Jos\u00e9 Luiz de Brito Alves Nutricionista, mestre em Nutri\u00e7\u00e3o e doutor em Neuropsiquiatria e [&hellip;]<\/p>\n","protected":false},"author":47,"featured_media":0,"parent":0,"menu_order":0,"comment_status":"closed","ping_status":"closed","template":"","meta":{"footnotes":""},"class_list":["post-8","page","type-page","status-publish","hentry"],"_links":{"self":[{"href":"https:\/\/www.ccs.ufpb.br\/lanucam\/wp-json\/wp\/v2\/pages\/8","targetHints":{"allow":["GET"]}}],"collection":[{"href":"https:\/\/www.ccs.ufpb.br\/lanucam\/wp-json\/wp\/v2\/pages"}],"about":[{"href":"https:\/\/www.ccs.ufpb.br\/lanucam\/wp-json\/wp\/v2\/types\/page"}],"author":[{"embeddable":true,"href":"https:\/\/www.ccs.ufpb.br\/lanucam\/wp-json\/wp\/v2\/users\/47"}],"replies":[{"embeddable":true,"href":"https:\/\/www.ccs.ufpb.br\/lanucam\/wp-json\/wp\/v2\/comments?post=8"}],"version-history":[{"count":11,"href":"https:\/\/www.ccs.ufpb.br\/lanucam\/wp-json\/wp\/v2\/pages\/8\/revisions"}],"predecessor-version":[{"id":190,"href":"https:\/\/www.ccs.ufpb.br\/lanucam\/wp-json\/wp\/v2\/pages\/8\/revisions\/190"}],"wp:attachment":[{"href":"https:\/\/www.ccs.ufpb.br\/lanucam\/wp-json\/wp\/v2\/media?parent=8"}],"curies":[{"name":"wp","href":"https:\/\/api.w.org\/{rel}","templated":true}]}}