{"id":42,"date":"2026-03-04T22:25:24","date_gmt":"2026-03-05T01:25:24","guid":{"rendered":"https:\/\/www.ccs.ufpb.br\/coordfarm\/?page_id=42"},"modified":"2026-04-17T11:24:28","modified_gmt":"2026-04-17T14:24:28","slug":"laurea-academica-destaque-da-graduacao","status":"publish","type":"page","link":"https:\/\/www.ccs.ufpb.br\/coordfarm\/laurea-academica-destaque-da-graduacao\/","title":{"rendered":"L\u00e1urea Acad\u00eamica Destaque da Gradua\u00e7\u00e3o"},"content":{"rendered":"\n<p class=\"has-text-align-left\" style=\"font-size:18px\">A <strong>L\u00e1urea Acad\u00eamica<\/strong> \u00e9 uma distin\u00e7\u00e3o concedida pelas institui\u00e7\u00f5es de ensino superior aos estudantes que se destacam ao longo da gradua\u00e7\u00e3o, n\u00e3o apenas pelo desempenho acad\u00eamico, mas tamb\u00e9m pelo envolvimento em atividades que integram ensino, pesquisa e extens\u00e3o. Trata-se de um reconhecimento formal da excel\u00eancia, do compromisso e da trajet\u00f3ria diferenciada do discente dentro da universidade, valorizando aqueles que ultrapassam os requisitos m\u00ednimos e contribuem ativamente para a vida acad\u00eamica. <\/p>\n\n\n\n<p class=\"has-text-align-left\" style=\"font-size:18px\">A concess\u00e3o desse reconhecimento \u00e9 regulamentada pela <strong><a href=\"https:\/\/sig-arq.ufpb.br\/arquivos\/20220591150d3e45746805b8abfdc2a21\/Resoluo_n_06.2022_Consuni.pdf\">Resolu\u00e7\u00e3o n\u00ba 06\/2022<\/a><\/strong>, que atualiza as normas relativas ao pr\u00eamio \u201c<em>L\u00e1urea Acad\u00eamica Destaque da Gradua\u00e7\u00e3o<\/em>\u201d, no \u00e2mbito do Regulamento Geral da Gradua\u00e7\u00e3o, revogando a Resolu\u00e7\u00e3o CONSUNI n\u00ba 16\/2010.<\/p>\n\n\n\n<p style=\"font-size:18px\">De acordo com essa resolu\u00e7\u00e3o, o pr\u00eamio \u201cL\u00e1urea Acad\u00eamica Destaque da Gradua\u00e7\u00e3o\u201d \u00e9 concedido aos discentes que, ao t\u00e9rmino do curso, tenham obtido desempenho acad\u00eamico de destaque em rela\u00e7\u00e3o aos demais colegas de sua turma, considerando atividades de ensino, pesquisa e extens\u00e3o (<strong>Art. 1\u00ba<\/strong>).<\/p>\n\n\n\n<p style=\"font-size:18px\">Para fazer jus \u00e0 L\u00e1urea Acad\u00eamica, o discente deve atender, cumulativamente, aos seguintes requisitos (<strong>Art. 2\u00ba<\/strong>):<\/p>\n\n\n\n<p style=\"font-size:18px\"><em>I<\/em> \u2013 ter ingressado no curso por meio de uma das formas de ingresso estabelecida pelo Regulamento da Gradua\u00e7\u00e3o vigente, desde que tenha realizado, no m\u00ednimo, 3\/4 (tr\u00eas quartos) dos cr\u00e9ditos do curso na UFPB.<\/p>\n\n\n\n<p style=\"font-size:18px\"><em>II<\/em> \u2013 possuir Coeficiente de Rendimento Acad\u00eamico (CRA) igual ou superior ao nono decil da distribui\u00e7\u00e3o de todos os CRAs de alunos concluintes de cada curso, por turno;<\/p>\n\n\n\n<p style=\"font-size:18px\"><em>III<\/em> \u2013 ter participado por, no m\u00ednimo, 01 (um) semestre, de, pelo menos, uma atividade de pesquisa ou de extens\u00e3o ou de monitoria ou de outro programa acad\u00eamico reconhecido e vinculado \u00e0 UFPB;<\/p>\n\n\n\n<p style=\"font-size:18px\">Dessa forma, a L\u00e1urea Acad\u00eamica consolida-se como um importante instrumento de valoriza\u00e7\u00e3o do m\u00e9rito estudantil, incentivando a forma\u00e7\u00e3o acad\u00eamica de excel\u00eancia e o engajamento nas m\u00faltiplas dimens\u00f5es da vida universit\u00e1ria.<\/p>\n\n\n\n<p><\/p>\n\n\n\n<h2 class=\"wp-block-heading\" style=\"font-size:24px\"><div class=\"linha-header\"><strong>L\u00e1urea Acad\u00eamica 2024.1<\/strong><\/div><\/h2>\n\n\n\n<p><a href=\"https:\/\/www.ccs.ufpb.br\/coordfarm\/wp-content\/uploads\/sites\/21\/sites\/454\/2026\/03\/Laurea-2024.1.pdf\">Relat\u00f3rio Final da Comiss\u00e3o Avaliadora<\/a><\/p>\n\n\n\n<h2 class=\"wp-block-heading\" style=\"font-size:24px\"><div class=\"linha-header\"><strong>L\u00e1urea Acad\u00eamica 2024.2<\/strong><\/div><\/h2>\n\n\n\n<p><a href=\"https:\/\/www.ccs.ufpb.br\/coordfarm\/wp-content\/uploads\/sites\/21\/sites\/454\/2026\/03\/Laurea-2024.2.pdf\">Relat\u00f3rio Final da Comiss\u00e3o Avaliadora<\/a><\/p>\n\n\n\n<h2 class=\"wp-block-heading\" style=\"font-size:24px\"><div class=\"linha-header\"><strong>L\u00e1urea Acad\u00eamica 2025.1<\/strong><\/div><\/h2>\n\n\n\n<p><a href=\"https:\/\/www.ccs.ufpb.br\/coordfarm\/wp-content\/uploads\/sites\/21\/sites\/454\/2026\/03\/Laurea-2025.1.pdf\">Relat\u00f3rio Final da Comiss\u00e3o Avaliadora<\/a><\/p>\n\n\n\n<h2 class=\"wp-block-heading\" style=\"font-size:24px\"><div class=\"linha-header\"><strong>L\u00e1urea Acad\u00eamica 2025.2<\/strong><\/div><\/h2>\n\n\n\n<p><a href=\"https:\/\/www.ccs.ufpb.br\/coordfarm\/wp-content\/uploads\/sites\/21\/sites\/454\/2026\/04\/Laurea-Academica-2025.2.pdf\" data-type=\"link\" data-id=\"https:\/\/www.ccs.ufpb.br\/coordfarm\/wp-content\/uploads\/sites\/21\/sites\/454\/2026\/04\/Laurea-Academica-2025.2.pdf\">Relat\u00f3rio Preliminar da Comiss\u00e3o Avaliadora<\/a><\/p>\n\n\n\n<p><\/p>\n","protected":false},"excerpt":{"rendered":"<p>A L\u00e1urea Acad\u00eamica \u00e9 uma distin\u00e7\u00e3o concedida pelas institui\u00e7\u00f5es de ensino superior aos estudantes que [&hellip;]<\/p>\n","protected":false},"author":47,"featured_media":0,"parent":0,"menu_order":0,"comment_status":"closed","ping_status":"closed","template":"","meta":{"footnotes":""},"class_list":["post-42","page","type-page","status-publish","hentry"],"_links":{"self":[{"href":"https:\/\/www.ccs.ufpb.br\/coordfarm\/wp-json\/wp\/v2\/pages\/42","targetHints":{"allow":["GET"]}}],"collection":[{"href":"https:\/\/www.ccs.ufpb.br\/coordfarm\/wp-json\/wp\/v2\/pages"}],"about":[{"href":"https:\/\/www.ccs.ufpb.br\/coordfarm\/wp-json\/wp\/v2\/types\/page"}],"author":[{"embeddable":true,"href":"https:\/\/www.ccs.ufpb.br\/coordfarm\/wp-json\/wp\/v2\/users\/47"}],"replies":[{"embeddable":true,"href":"https:\/\/www.ccs.ufpb.br\/coordfarm\/wp-json\/wp\/v2\/comments?post=42"}],"version-history":[{"count":5,"href":"https:\/\/www.ccs.ufpb.br\/coordfarm\/wp-json\/wp\/v2\/pages\/42\/revisions"}],"predecessor-version":[{"id":131,"href":"https:\/\/www.ccs.ufpb.br\/coordfarm\/wp-json\/wp\/v2\/pages\/42\/revisions\/131"}],"wp:attachment":[{"href":"https:\/\/www.ccs.ufpb.br\/coordfarm\/wp-json\/wp\/v2\/media?parent=42"}],"curies":[{"name":"wp","href":"https:\/\/api.w.org\/{rel}","templated":true}]}}