{"id":30,"date":"2026-03-04T22:01:59","date_gmt":"2026-03-05T01:01:59","guid":{"rendered":"https:\/\/www.ccs.ufpb.br\/coordfarm\/?page_id=30"},"modified":"2026-03-04T22:02:01","modified_gmt":"2026-03-05T01:02:01","slug":"formularios","status":"publish","type":"page","link":"https:\/\/www.ccs.ufpb.br\/coordfarm\/formularios\/","title":{"rendered":"Formul\u00e1rios"},"content":{"rendered":"\n<h2 class=\"wp-block-heading\"><div class=\"linha-header\">PARA ACESSO E ACOMPANHAMENTO DOS PROCESSOS<\/div><\/h2>\n\n\n\n<p class=\" \">1.&nbsp;<a href=\"http:\/\/plone.ufpb.br\/coordfarm\/contents\/documentos\/orientacoes\/acesso-ao-sipac.pdf\">TUTORIAL PARA TER ACESSO AOS CONTE\u00daDOS DOS PROCESSOS<\/a><\/p>\n\n\n\n<p class=\" \">2. Endere\u00e7o eletr\u00f4nico para acesso aos processos:&nbsp;<a href=\"https:\/\/sipac.ufpb.br\/public\/jsp\/portal.jsf\" target=\"_blank\" rel=\"noreferrer noopener\">https:\/\/sipac.ufpb.br\/public\/jsp\/portal.jsf<\/a><\/p>\n\n\n\n<p class=\" \">3. Lembrete: Quando h\u00e1 movimenta\u00e7\u00e3o do processo, chegar\u00e1 uma notifica\u00e7\u00e3o no seu email (email cadastrado no sistema), mas para acesso ao conte\u00fado \u00e9 necess\u00e1rio acessa o SIPAC, endere\u00e7o acima.<\/p>\n\n\n\n<p class=\" \">&nbsp;<\/p>\n\n\n\n<h2 class=\"wp-block-heading\"><div class=\"linha-header\">Documentos de Trabalho de Conclus\u00e3o de Curso (TCC)<\/div><\/h2>\n\n\n\n<p><a href=\"http:\/\/plone.ufpb.br\/coordfarm\/contents\/documentos\/formularios\/trabalho-de-conclusao-de-curso-tcc\">Trabalho de Conclus\u00e3o de Curso (TCC)<\/a><\/p>\n\n\n\n<h2 class=\"wp-block-heading\"><div class=\"linha-header\">Documento para calcular m\u00e9dia em componentes curriculares<\/div><\/h2>\n\n\n\n<p><a href=\"http:\/\/plone.ufpb.br\/coordfarm\/contents\/documentos\/novos-formularios\/CALCULOMDIAEXAMEFINALMDIAFINALFARMACIAWEB.xlsx\">Planilha no formato (XLXS)<\/a><\/p>\n\n\n\n<h2 class=\"wp-block-heading\"><div class=\"linha-header\">Formul\u00e1rios: Abrevia\u00e7\u00e3o ou Dilata\u00e7\u00e3o do Curso<\/div><\/h2>\n\n\n\n<p>Art. 174 (Resolu\u00e7\u00e3o 29\/2020 &#8211; CONSEPE):&nbsp;<a href=\"https:\/\/bit.ly\/3P8IE1a\" target=\"_blank\" rel=\"noreferrer noopener\">Formul\u00e1rio de&nbsp;Dilata\u00e7\u00e3o para Integraliza\u00e7\u00e3o de Curso<\/a><\/p>\n\n\n\n<p>A dilata\u00e7\u00e3o de prazo para conclus\u00e3o de curso \u00e9 caracterizada pelo per\u00edodo cedido&nbsp;ap\u00f3s o t\u00e9rmino do \u00faltimo per\u00edodo letivo correspondente \u00e0 dura\u00e7\u00e3o m\u00e1xima para integraliza\u00e7\u00e3o&nbsp;curricular<\/p>\n\n\n\n<p>Art. 178&nbsp;&nbsp;(Resolu\u00e7\u00e3o 29\/2020 &#8211; CONSEPE):&nbsp;&nbsp;<a href=\"https:\/\/bit.ly\/3IAYRd6\" target=\"_blank\" rel=\"noreferrer noopener\">Formul\u00e1rio de Abrevia\u00e7\u00e3o para Integraliza\u00e7\u00e3o de Curso<\/a><\/p>\n\n\n\n<p>A abrevia\u00e7\u00e3o de curso ser\u00e1 concedida ao discente mediante matr\u00edcula nos per\u00edodos&nbsp;letivos regulares em um n\u00famero de horas-aula superior ao n\u00famero m\u00e1ximo estabelecido pelo&nbsp;PPC.<\/p>\n\n\n\n<h2 class=\"wp-block-heading\"><div class=\"linha-header\">Formul\u00e1rios: Componentes Curriculares<\/div><\/h2>\n\n\n\n<p>Art. 16&nbsp;(Resolu\u00e7\u00e3o 29\/2020 &#8211; CONSEPE):&nbsp;<\/p>\n\n\n\n<p><a href=\"https:\/\/bit.ly\/3Rx5r8z\" target=\"_blank\" rel=\"noreferrer noopener\">Formul\u00e1rio de Solicita\u00e7\u00e3o de Cr\u00e9ditos Flex\u00edveis &#8211; dispensa<\/a>&nbsp;(Curso de Nivelamento, Cursos, Oficinas, Treinamentos, Atividades Acad\u00eamica de Ensino,&nbsp;Atividades Acad\u00eamica de Extens\u00e3o e&nbsp;Atividades Acad\u00eamica de Pesquisa)&nbsp; &#8211;&nbsp;<a href=\"https:\/\/bit.ly\/3nYFst1\" target=\"_blank\" rel=\"noreferrer noopener\">Saiba mais&#8230;<\/a><\/p>\n\n\n\n<p><a href=\"https:\/\/bit.ly\/3Prq2t2\" target=\"_blank\" rel=\"noreferrer noopener\">Formul\u00e1rio de Solicita\u00e7\u00e3o de Cr\u00e9ditos Flex\u00edveis &#8211; aproveitamento<\/a>&nbsp;(Congressos, Col\u00f3quios, Semin\u00e1rios, Palestras e Est\u00e1gios N\u00e3o Obrigat\u00f3rios) &#8211;&nbsp;<a href=\"https:\/\/bit.ly\/3nYFst1\" target=\"_blank\" rel=\"noreferrer noopener\">Saiba mais&#8230;<\/a><\/p>\n\n\n\n<p><a href=\"http:\/\/plone.ufpb.br\/coordfarm\/contents\/documentos\/fluxograma\/fluxograma-res-29-2020-art-16-solicitacao-de-creditos-flexiveis.pdf\">FLUXOGRAMA<\/a><\/p>\n\n\n\n<p>Art. 40&nbsp;&nbsp;(Resolu\u00e7\u00e3o 29\/2020 &#8211; CONSEPE):&nbsp;<a href=\"https:\/\/bit.ly\/3RJzbzp\" target=\"_blank\" rel=\"noreferrer noopener\">Formul\u00e1rio de Aproveitamento de Componente Curricular cursado fora da UFPB<\/a><\/p>\n\n\n\n<p>Os componentes curriculares realizados em institui\u00e7\u00f5es de ensino superior, nacionais&nbsp;ou estrangeiras, em cursos de gradua\u00e7\u00e3o, podem ser aproveitados mediante solicita\u00e7\u00e3o do&nbsp;discente \u00e0 coordena\u00e7\u00e3o do curso.<\/p>\n\n\n\n<p>FLUXOGRAMA<\/p>\n\n\n\n<p>Art. 43 (Resolu\u00e7\u00e3o 29\/2020 &#8211; CONSEPE):&nbsp;<a href=\"https:\/\/bit.ly\/3bR5yMi\" target=\"_blank\" rel=\"noreferrer noopener\">Formul\u00e1rio de Dispensa de Componente Curricular cursado na UFPB<\/a><\/p>\n\n\n\n<p>O componente curricular de gradua\u00e7\u00e3o cursado na UFPB ser\u00e1 dispensado quando&#8230;<\/p>\n\n\n\n<p>FLUXOGRAMA<\/p>\n\n\n\n<p>Art. 37 (Resolu\u00e7\u00e3o 29\/2020 &#8211; CONSEPE):&nbsp;&nbsp;<a href=\"http:\/\/plone.ufpb.br\/coordfarm\/contents\/documentos\/formularios\/solicitacao_de_aproveitamento-optativo-livre-escolha_farmacia.pdf\">Formul\u00e1rio de Aproveitamento de Componente Curricular Optativo de Livre Escolha<\/a><\/p>\n\n\n\n<p>O discente poder\u00e1 cursar, como componentes curriculares optativos, at\u00e9 240 horas em quaisquer outros cursos de gradua\u00e7\u00e3o da UFPB, ressalvados os casos de impedimento legal.<\/p>\n\n\n\n<p>\u00a72\u00ba. O componente curricular optativo de livre escolha poder\u00e1 ser aproveitado como componente curricular optativo na integraliza\u00e7\u00e3o curricular fora do elenco de optativas constantes do PPC.<\/p>\n\n\n\n<p><a href=\"http:\/\/plone.ufpb.br\/coordfarm\/contents\/documentos\/fluxograma\/fluxograma-res-29-2020-art-37-aproveitamento-de-componente-curricular-optativa-de-livre-escolha.pdf\">FLUXOGRAMA<\/a>&nbsp;<\/p>\n\n\n\n<h2 class=\"wp-block-heading\"><div class=\"linha-header\">Formul\u00e1rios: Matr\u00edculas<\/div><\/h2>\n\n\n\n<p>Art. 70&nbsp;(Resolu\u00e7\u00e3o 29\/2020 &#8211; CONSEPE):&nbsp;<a href=\"https:\/\/bit.ly\/3z5txjO\" target=\"_blank\" rel=\"noreferrer noopener\">Formul\u00e1rio de Solicita\u00e7\u00e3o de Trancamento de turma de F\u00e9rias<\/a><\/p>\n\n\n\n<p>Turma de F\u00e9rias no per\u00edodo Letivo de F\u00e9rias<\/p>\n\n\n\n<p>Art. 164&nbsp;(Resolu\u00e7\u00e3o 29\/2020 &#8211; CONSEPE):&nbsp;<a href=\"http:\/\/plone.ufpb.br\/coordfarm\/contents\/documentos\/formularios\/trancamento\/solicitacao_de_trancamentototalouparcial_fora_do_calendario_academico_farmacia2.pdf\">Formul\u00e1rio de Solicita\u00e7\u00e3o de Trancamento Total ou Parcial fora do calend\u00e1rio acad\u00eamico<\/a><\/p>\n\n\n\n<p>Art.&nbsp;173 (Resolu\u00e7\u00e3o 29\/2020 &#8211; CONSEPE):&nbsp;O cancelamento do v\u00ednculo com a UFPB ocorrer\u00e1 quando o discente &#8211;&nbsp;IX \u2013 Solicitar espontaneamente sua desvincula\u00e7\u00e3o em qualquer momento do curso:&nbsp;<a href=\"http:\/\/plone.ufpb.br\/coordfarm\/contents\/documentos\/novos-formularios\/solicitacao_de_cancelamento_de_vinculo_comufpb.pdf\">Formul\u00e1rio de Solicita\u00e7\u00e3o de Cancelamento de V\u00ednculo Institucional.<\/a><\/p>\n\n\n\n<h2 class=\"wp-block-heading\"><div class=\"linha-header\">Formul\u00e1rios: Conclus\u00e3o de Curso<\/div><\/h2>\n\n\n\n<p>Art. 215&nbsp;(Resolu\u00e7\u00e3o 29\/2020 &#8211; CONSEPE):&nbsp;<a href=\"https:\/\/bit.ly\/3yAIHvH\" target=\"_blank\" rel=\"noreferrer noopener\">Formul\u00e1rio de Solicita\u00e7\u00e3o de Antecipa\u00e7\u00e3o de Cola\u00e7\u00e3o de Grau<\/a><\/p>\n\n\n\n<p>O discente formando matriculado no \u00faltimo per\u00edodo poder\u00e1 solicitar antecipa\u00e7\u00e3o da&nbsp;cola\u00e7\u00e3o de Grau quando houver aprova\u00e7\u00e3o comprovada em concurso p\u00fablico ou processo de&nbsp;sele\u00e7\u00e3o de p\u00f3s-gradua\u00e7\u00e3o ou outra situa\u00e7\u00e3o espec\u00edfica que exija o diploma de gradua\u00e7\u00e3o<\/p>\n\n\n\n<p>Art. 216&nbsp;\u00a72\u00ba e Art. 218 &nbsp;(Resolu\u00e7\u00e3o 29\/2020 &#8211; CONSEPE):&nbsp;<a href=\"https:\/\/bit.ly\/3IAKDc9\" target=\"_blank\" rel=\"noreferrer noopener\">Formul\u00e1rio de Solicita\u00e7\u00e3o de Cola\u00e7\u00e3o de Grau Individual<\/a><\/p>\n\n\n\n<h2 class=\"wp-block-heading\"><div class=\"linha-header\">Regime de Exerc\u00edcios Domiciliares<\/div><\/h2>\n\n\n\n<p>Art. 92&nbsp;(Resolu\u00e7\u00e3o 29\/2020 &#8211; CONSEPE):&nbsp;<a href=\"https:\/\/bit.ly\/3yC3jUj\" target=\"_blank\" rel=\"noreferrer noopener\">Formul\u00e1rio de Solicita\u00e7\u00e3o de Regime de Exerc\u00edcios Domiciliares<\/a><\/p>\n\n\n\n<p>O regime de exerc\u00edcios domiciliares corresponde ao tratamento excepcional de acordo&nbsp;com o Decreto-Lei n\u00ba1.044 de 21\/10\/69 e a Lei n\u00ba6.202 de 17\/04\/1975.<\/p>\n\n\n\n<p><a href=\"http:\/\/plone.ufpb.br\/coordfarm\/contents\/menu\/resolveuid\/2a1da316a46d404c8f1d39592a80c4ec\">FLUXOGRAMA<\/a><\/p>\n\n\n\n<h2 class=\"wp-block-heading\"><div class=\"linha-header\">Solicita\u00e7\u00e3o de Hist\u00f3rico Acad\u00eamico por Egresso<\/div><\/h2>\n\n\n\n<p>Para solicita\u00e7\u00e3o do Hist\u00f3rico Acad\u00eamico por Egresso de Farm\u00e1cia dever\u00e1 seguir os passos descritos abaixo:<\/p>\n\n\n\n<p>1 &#8211; Preenchimento do&nbsp;<a href=\"https:\/\/bit.ly\/3blZsU0\" target=\"_blank\" rel=\"noreferrer noopener\">Formul\u00e1rio de Solicita\u00e7\u00e3o<\/a>&nbsp;(atentar para que a assinatura do interessado deve ser assinatura eletr\u00f4nica emitida pelo SouGov.br &#8211; maiores informa\u00e7\u00f5es abaixo)<\/p>\n\n\n\n<p>2 &#8211; Anexar ao formul\u00e1rio c\u00f3pias dos documentos: Registro Geral (RG), Cadastro da Pessoa F\u00edsica (CPF) e comprovante de resid\u00eancia.<\/p>\n\n\n\n<p>3 &#8211; Submeter a solicita\u00e7\u00e3o (anexar os documentos) pela&nbsp;plataforma de recebimento e envio de documentos externo (PREDE): link do&nbsp;<a href=\"https:\/\/bit.ly\/3cGOXe3\" target=\"_blank\" rel=\"noreferrer noopener\">PREDE<\/a>&nbsp;| link de orienta\u00e7\u00e3o de como utilizar o PREDE&nbsp;<a href=\"https:\/\/bit.ly\/3bfxCbO\" target=\"_blank\" rel=\"noreferrer noopener\">tutorial<\/a><\/p>\n\n\n\n<p>** Direcionar a solicita\u00e7\u00e3o para a unidade:&nbsp;CCS &#8211; COORDENA\u00c7\u00c3O DE FARM\u00c1CIA (11.01.16.29)<\/p>\n\n\n\n<h2 class=\"wp-block-heading\"><div class=\"linha-header\">&nbsp;Assinatura Eletr\u00f4nica&nbsp;para Documentos digitais<\/div><\/h2>\n\n\n\n<p><em><strong>Leia abaixo&#8230; Sobre assinatura eletr\u00f4nica<\/strong><\/em><\/p>\n\n\n\n<p>Em conformidade a PORTARIA N\u00ba 360, DE&nbsp;18 DE MAIO&nbsp;DE 2022 a partir de&nbsp;<em>18\/07\/2022<\/em>&nbsp;a Coordena\u00e7\u00e3o do Curso de Gradua\u00e7\u00e3o em Farm\u00e1cia s\u00f3 aceitar\u00e1 os formul\u00e1rios de solicita\u00e7\u00f5es (documentos digitais:&nbsp;<a href=\"http:\/\/plone.ufpb.br\/coordfarm\/contents\/menu\/formularios\" target=\"_blank\" rel=\"noreferrer noopener\">http:\/\/plone.ufpb.br\/coordfarm\/contents\/menu\/formularios<\/a>) que estejam com assinaturas eletr\u00f4nicas v\u00e1lidas.<\/p>\n\n\n\n<p>As assinaturas eletr\u00f4nicas aceitas est\u00e3o regidas pelas normas:<\/p>\n\n\n\n<p>a)&nbsp;LEI N\u00ba 14.063, DE&nbsp;23 DE SETEMBRO&nbsp;DE 2020<\/p>\n\n\n\n<p>b)&nbsp;DECRETO N\u00ba 10.543, DE&nbsp;13 DE NOVEMBRO&nbsp;DE 2020<\/p>\n\n\n\n<p>Orientamos o(a)s discentes a criarem conta no sistema SouGov para ativarem a assinatura eletr\u00f4nica (servi\u00e7o gratuito oferecido pelo governo federal):<\/p>\n\n\n\n<p>\u2022&nbsp;Ou pelo computador:&nbsp;<a href=\"https:\/\/www.gov.br\/sougov\" rel=\"noreferrer noopener\" target=\"_blank\">https:\/\/www.gov.br\/sougov<\/a><\/p>\n\n\n\n<p>\u2022&nbsp;Ou por telefones Android:&nbsp;<a href=\"https:\/\/play.google.com\/store\/apps\/details?id=br.gov.serpro.sougov\" rel=\"noreferrer noopener\" target=\"_blank\">https:\/\/play.google.com\/store\/apps\/details?id=br.gov.serpro.sougov<\/a><\/p>\n\n\n\n<p>\u2022&nbsp;Ou por telefones IOS:&nbsp;<a href=\"https:\/\/www.apple.com\/br\/app-store\/\" rel=\"noreferrer noopener\" target=\"_blank\">https:\/\/www.apple.com\/br\/app-store\/<\/a><\/p>\n\n\n\n<p>O sistema SouGov permite a assinatura eletr\u00f4nica de documentos digitais, de forma gratuita, para intera\u00e7\u00e3o com os entes p\u00fablicos da federa\u00e7\u00e3o. Mais sobre na p\u00e1gina de Assinatura Eletr\u00f4nica do GovBr:&nbsp;<a href=\"https:\/\/www.gov.br\/governodigital\/pt-br\/assinatura-eletronica\" rel=\"noreferrer noopener\" target=\"_blank\">https:\/\/www.gov.br\/governodigital\/pt-br\/assinatura-eletronica<\/a><\/p>\n\n\n\n<p>Orienta\u00e7\u00e3o para uso do servi\u00e7o da assinatura eletr\u00f4nica:<\/p>\n\n\n\n<p>1 \u2013&nbsp;<a href=\"https:\/\/conhecimento.sti.ufpb.br\/books\/assinatura-digital-govbr\" rel=\"noreferrer noopener\" target=\"_blank\">https:\/\/conhecimento.sti.ufpb.br\/books\/assinatura-digital-govbr<\/a><\/p>\n\n\n\n<p>Outras fontes:<\/p>\n\n\n\n<p>\u2022&nbsp;2 &#8211;&nbsp;<a href=\"https:\/\/tecnoblog.net\/responde\/como-fazer-uma-assinatura-digital-usando-o-gov-br\/\" rel=\"noreferrer noopener\" target=\"_blank\">https:\/\/tecnoblog.net\/responde\/como-fazer-uma-assinatura-digital-usando-o-gov-br\/<\/a><\/p>\n\n\n\n<p>\u2022&nbsp;3 &#8211;&nbsp;<a href=\"https:\/\/tecnoblog.net\/responde\/como-ter-uma-conta-gov-br-no-nivel-prata-ou-ouro\/\" rel=\"noreferrer noopener\" target=\"_blank\">https:\/\/tecnoblog.net\/responde\/como-ter-uma-conta-gov-br-no-nivel-prata-ou-ouro\/<\/a><\/p>\n\n\n\n<p><br>Refer\u00eancias:<\/p>\n\n\n\n<p>PORTARIA N\u00ba 360, DE&nbsp;18 DE MAIO&nbsp;DE 2022 \u2013 disp\u00f5e sobre a convers\u00e3o do acervo acad\u00eamico para o meio digital. \u2013 Fonte:&nbsp;<a href=\"https:\/\/www.in.gov.br\/en\/web\/dou\/-\/portaria-n-360-de-18-de-maio-de-2022-401082263\" rel=\"noreferrer noopener\" target=\"_blank\">https:\/\/www.in.gov.br\/en\/web\/dou\/-\/portaria-n-360-de-18-de-maio-de-2022-401082263<\/a><\/p>\n\n\n\n<p>LEI N\u00ba 14.063, DE&nbsp;23 DE SETEMBRO&nbsp;DE 2020 \u2013 disp\u00f5e sobre as regras para uso das assinaturas eletr\u00f4nicas nas intera\u00e7\u00f5es entre pessoas e institui\u00e7\u00f5es privadas com os entes p\u00fablicos e entre os pr\u00f3prios \u00f3rg\u00e3os e entidades p\u00fablicas \u2013 Fonte:&nbsp;<a href=\"https:\/\/www.in.gov.br\/en\/web\/dou\/-\/lei-n-14.063-de-23-de-setembro-de-2020-279185931\" rel=\"noreferrer noopener\" target=\"_blank\">https:\/\/www.in.gov.br\/en\/web\/dou\/-\/lei-n-14.063-de-23-de-setembro-de-2020-279185931<\/a><\/p>\n\n\n\n<p>DECRETO N\u00ba 10.543, DE&nbsp;13 DE NOVEMBRO&nbsp;DE 2020 \u2013 disp\u00f5e sobre o uso de assinaturas eletr\u00f4nicas na administra\u00e7\u00e3o p\u00fablica federal e regulamenta o art. 5\u00ba da Lei n\u00ba 14.063, de&nbsp;23 de setembro&nbsp;de 2020, quanto ao n\u00edvel m\u00ednimo exigido para a assinatura eletr\u00f4nica em intera\u00e7\u00f5es com o ente p\u00fablico. \u2013 Fonte:&nbsp;<a href=\"http:\/\/www.planalto.gov.br\/ccivil_03\/_Ato2019-2022\/2020\/Decreto\/D10543.htm\" rel=\"noreferrer noopener\" target=\"_blank\">http:\/\/www.planalto.gov.br\/ccivil_03\/_Ato2019-2022\/2020\/Decreto\/D10543.htm<\/a><\/p>\n","protected":false},"excerpt":{"rendered":"<p>PARA ACESSO E ACOMPANHAMENTO DOS PROCESSOS 1.&nbsp;TUTORIAL PARA TER ACESSO AOS CONTE\u00daDOS DOS PROCESSOS 2. [&hellip;]<\/p>\n","protected":false},"author":47,"featured_media":0,"parent":0,"menu_order":0,"comment_status":"closed","ping_status":"closed","template":"","meta":{"footnotes":""},"class_list":["post-30","page","type-page","status-publish","hentry"],"_links":{"self":[{"href":"https:\/\/www.ccs.ufpb.br\/coordfarm\/wp-json\/wp\/v2\/pages\/30","targetHints":{"allow":["GET"]}}],"collection":[{"href":"https:\/\/www.ccs.ufpb.br\/coordfarm\/wp-json\/wp\/v2\/pages"}],"about":[{"href":"https:\/\/www.ccs.ufpb.br\/coordfarm\/wp-json\/wp\/v2\/types\/page"}],"author":[{"embeddable":true,"href":"https:\/\/www.ccs.ufpb.br\/coordfarm\/wp-json\/wp\/v2\/users\/47"}],"replies":[{"embeddable":true,"href":"https:\/\/www.ccs.ufpb.br\/coordfarm\/wp-json\/wp\/v2\/comments?post=30"}],"version-history":[{"count":1,"href":"https:\/\/www.ccs.ufpb.br\/coordfarm\/wp-json\/wp\/v2\/pages\/30\/revisions"}],"predecessor-version":[{"id":31,"href":"https:\/\/www.ccs.ufpb.br\/coordfarm\/wp-json\/wp\/v2\/pages\/30\/revisions\/31"}],"wp:attachment":[{"href":"https:\/\/www.ccs.ufpb.br\/coordfarm\/wp-json\/wp\/v2\/media?parent=30"}],"curies":[{"name":"wp","href":"https:\/\/api.w.org\/{rel}","templated":true}]}}