{"id":28,"date":"2026-03-04T21:59:17","date_gmt":"2026-03-05T00:59:17","guid":{"rendered":"https:\/\/www.ccs.ufpb.br\/coordfarm\/?page_id=28"},"modified":"2026-04-16T11:32:20","modified_gmt":"2026-04-16T14:32:20","slug":"resolucoes","status":"publish","type":"page","link":"https:\/\/www.ccs.ufpb.br\/coordfarm\/resolucoes\/","title":{"rendered":"Resolu\u00e7\u00f5es"},"content":{"rendered":"\n<p><strong>Credenciamento Institucional: PORTARIA No- 60, DE 18 DE JANEIRO DE 2017<\/strong><\/p>\n\n\n\n<p class=\" \"><a href=\"https:\/\/www.ccs.ufpb.br\/coordfarm\/wp-content\/uploads\/sites\/21\/sites\/454\/2026\/04\/Credenciamento-Institucional-PORTARIA-No-60-DE-18-DE-JANEIRO-DE-2017.pdf\" data-type=\"link\" data-id=\"https:\/\/www.ccs.ufpb.br\/coordfarm\/wp-content\/uploads\/sites\/21\/sites\/454\/2026\/04\/Credenciamento-Institucional-PORTARIA-No-60-DE-18-DE-JANEIRO-DE-2017.pdf\">Portaria de recredenciamento institucional (UFPB)<\/a><\/p>\n\n\n\n<p><strong>Credenciamento do Curso ao MEC:\u00a0PORTARIA N\u00ba 111, DE 4 DE FEVEREIRO DE 2021<\/strong><\/p>\n\n\n\n<p class=\" \"><a href=\"https:\/\/www.ccs.ufpb.br\/coordfarm\/wp-content\/uploads\/sites\/21\/sites\/454\/2026\/04\/Credenciamento-do-Curso-ao-MEC-PORTARIA-No-111-DE-4-DE-FEVEREIRO-DE-2021.pdf\" data-type=\"link\" data-id=\"https:\/\/www.ccs.ufpb.br\/coordfarm\/wp-content\/uploads\/sites\/21\/sites\/454\/2026\/04\/Credenciamento-do-Curso-ao-MEC-PORTARIA-No-111-DE-4-DE-FEVEREIRO-DE-2021.pdf\">Portaria de renova\u00e7\u00e3o de credenciamento do curso de Farm\u00e1cia (UFPB)<\/a><\/p>\n\n\n\n<p><strong>Projeto Pedag\u00f3gico do Curso de Gradua\u00e7\u00e3o em Farm\u00e1cia<\/strong><\/p>\n\n\n\n<p><a href=\"https:\/\/www.ccs.ufpb.br\/coordfarm\/wp-content\/uploads\/sites\/21\/sites\/454\/2026\/04\/Projeto-Pedagogico-Atual-PPC-FARMACIA-2007-\u2013-protocolo-23074.1133102022-49.pdf\" data-type=\"link\" data-id=\"https:\/\/www.ccs.ufpb.br\/coordfarm\/wp-content\/uploads\/sites\/21\/sites\/454\/2026\/04\/Projeto-Pedagogico-Atual-PPC-FARMACIA-2007-\u2013-protocolo-23074.1133102022-49.pdf\">Projeto Pedag\u00f3gico Atual:\u00a0PPC-FARMACIA-2007<\/a>\u00a0&#8211; protocolo:\u00a023074.113310\/2022-49<a href=\"https:\/\/bit.ly\/3yGsd5g\" target=\"_blank\" rel=\"noreferrer noopener\"><\/a><\/p>\n\n\n\n<p><a href=\"https:\/\/www.ccs.ufpb.br\/coordfarm\/wp-content\/uploads\/sites\/21\/sites\/454\/2026\/04\/FLUXOGRAMA-GRADE-CURRICULAR-PPC-FARMACIA-2007.pdf\" data-type=\"link\" data-id=\"https:\/\/www.ccs.ufpb.br\/coordfarm\/wp-content\/uploads\/sites\/21\/sites\/454\/2026\/04\/FLUXOGRAMA-GRADE-CURRICULAR-PPC-FARMACIA-2007.pdf\">FLUXOGRAMA-GRADE CURRICULAR PPC-FARMACIA-2007<\/a><\/p>\n\n\n\n<p><strong>Referente ao PPC-FARMACIA-2022 (PPC-FARMACIA-2022)<\/strong><\/p>\n\n\n\n<p>Resolu\u00e7\u00e3o em tramite para aprova\u00e7\u00e3o<\/p>\n\n\n\n<p><strong>Referente ao PPC-FARMACIA-2007<\/strong><\/p>\n\n\n\n<p><a href=\"https:\/\/sig-arq.ufpb.br\/arquivos\/2016106216fc0d2285389785bc409b37\/Rsep52_2008.htm\" target=\"_blank\" rel=\"noreferrer noopener\">Resolu\u00e7\u00e3o 52\/2008 &#8211; CONSEPE:&nbsp;Altera os pr\u00e9-requisitos e co-requisitos do Anexo II, fixados pela Resolu\u00e7\u00e3o n\u00ba. 49\/2007 do CONSEE, que aprova o Projeto Pol\u00edtico-Pedag\u00f3gico do Curso de Gradua\u00e7\u00e3o em Farm\u00e1cia, do Centro de Ci\u00eancias da Sa\u00fade, Campus I,&nbsp;Pe da outras providencias.<\/a><\/p>\n\n\n\n<p><a href=\"https:\/\/sig-arq.ufpb.br\/arquivos\/2016161006967e2841891397714fe0a7\/Rsep49_2007.htm\" target=\"_blank\" rel=\"noreferrer noopener\">Resolu\u00e7\u00e3o 49\/2007 &#8211; CONSEPE:&nbsp;Aprova o Projeto Pol\u00edtico-Pedag\u00f3gico do Curso de Gradua\u00e7\u00e3o em Farm\u00e1cia, Bacharelado, do Centro de Ci\u00eancias da Sa\u00fade, Campus I, desta Universidade, e revoga a&nbsp;Resolu\u00e7\u00e3o n\u00ba 28\/77, deste Conselho<\/a><\/p>\n\n\n\n<p><strong>Referente ao PPC-FARMACIA-1982<\/strong><\/p>\n\n\n\n<p><a href=\"https:\/\/www.ccs.ufpb.br\/coordfarm\/wp-content\/uploads\/sites\/21\/sites\/454\/2026\/04\/Portaria-N-011984-Adapta-a-estrutura-curricular-do-Curso-de-Farmacia-a-Resolucao-N-4382-do-CONSEPE-e-da-outras-providencias.pdf\" data-type=\"link\" data-id=\"https:\/\/www.ccs.ufpb.br\/coordfarm\/wp-content\/uploads\/sites\/21\/sites\/454\/2026\/04\/Portaria-N-011984-Adapta-a-estrutura-curricular-do-Curso-de-Farmacia-a-Resolucao-N-4382-do-CONSEPE-e-da-outras-providencias.pdf\">Portaria N 01\/1984 &#8211; Adapta a estrutura curricular do Curso de Farm\u00e1cia \u00e0 Resolu\u00e7\u00e3o N 43\/82, do CONSEPE, e d\u00e1 outras provid\u00eancias.<\/a><\/p>\n\n\n\n<p><a href=\"https:\/\/www.ccs.ufpb.br\/coordfarm\/wp-content\/uploads\/sites\/21\/sites\/454\/2026\/04\/RES.-N\u00b043-1982.pdf\" data-type=\"link\" data-id=\"https:\/\/www.ccs.ufpb.br\/coordfarm\/wp-content\/uploads\/sites\/21\/sites\/454\/2026\/04\/RES.-N\u00b043-1982.pdf\">Resolu\u00e7\u00e3o 43\/1982 &#8211; CONSEPE<\/a><\/p>\n\n\n\n<p><strong>Referente ao PPC-FARMACIA-1977\u00a0(PPC-FARMACIA-1977)<\/strong><\/p>\n\n\n\n<p><a href=\"https:\/\/www.ccs.ufpb.br\/coordfarm\/wp-content\/uploads\/sites\/21\/sites\/454\/2026\/04\/Resolucao-121980-\u2013-CONSEPE-Extingue-as-Unidades-Curriculares-do-Ciclo-Basico-dos-Cursos-da-area-da-Saude-que-especifica-estabelecendo-nova-estrutura-curricular.pdf\" data-type=\"link\" data-id=\"https:\/\/www.ccs.ufpb.br\/coordfarm\/wp-content\/uploads\/sites\/21\/sites\/454\/2026\/04\/Resolucao-121980-\u2013-CONSEPE-Extingue-as-Unidades-Curriculares-do-Ciclo-Basico-dos-Cursos-da-area-da-Saude-que-especifica-estabelecendo-nova-estrutura-curricular.pdf\">Resolu\u00e7\u00e3o 12\/1980 &#8211; CONSEPE: Extingue as Unidades Curriculares do Ciclo B\u00e1sico dos Cursos da \u00e1rea da Sa\u00fade que especifica, estabelecendo nova estrutura curricular<\/a><\/p>\n\n\n\n<p><a href=\"https:\/\/www.ccs.ufpb.br\/coordfarm\/wp-content\/uploads\/sites\/21\/sites\/454\/2026\/04\/Resolucao-281977-\u2013-CONSEPE-Altera-a-estrutura-curricular-do-Curso-de-Farmacia-e-da-outras-providencias.pdf\" data-type=\"link\" data-id=\"https:\/\/www.ccs.ufpb.br\/coordfarm\/wp-content\/uploads\/sites\/21\/sites\/454\/2026\/04\/Resolucao-281977-\u2013-CONSEPE-Altera-a-estrutura-curricular-do-Curso-de-Farmacia-e-da-outras-providencias.pdf\">Resolu\u00e7\u00e3o 28\/1977 &#8211; CONSEPE: Altera a estrutura curricular do Curso de Farm\u00e1cia e d\u00e1 outras provid\u00eancias<\/a><\/p>\n\n\n\n<p><strong>Referente ao PPC-FARMACIA-1974 (PPC-FARMACIA-1974)<\/strong><\/p>\n\n\n\n<p><a href=\"https:\/\/www.ccs.ufpb.br\/coordfarm\/wp-content\/uploads\/sites\/21\/sites\/454\/2026\/04\/Resolucao-081976-\u2013-CONSEPE-Reestrutura-as-Unidades-Curriculares-dos-Cursos-que-especifica.pdf\" data-type=\"link\" data-id=\"https:\/\/www.ccs.ufpb.br\/coordfarm\/wp-content\/uploads\/sites\/21\/sites\/454\/2026\/04\/Resolucao-081976-\u2013-CONSEPE-Reestrutura-as-Unidades-Curriculares-dos-Cursos-que-especifica.pdf\">Resolu\u00e7\u00e3o 08\/1976 &#8211; CONSEPE: Reestrutura as Unidades Curriculares dos Cursos que espec\u00edfica<\/a><\/p>\n\n\n\n<p><a href=\"https:\/\/www.ccs.ufpb.br\/coordfarm\/wp-content\/uploads\/sites\/21\/sites\/454\/2026\/04\/Resolucao-121974-\u2013-CONSEPE-Estabelece-a-estrutura-curricular-do-Curso-de-Farmacia-e-da-outras-providencias.pdf\" data-type=\"link\" data-id=\"https:\/\/www.ccs.ufpb.br\/coordfarm\/wp-content\/uploads\/sites\/21\/sites\/454\/2026\/04\/Resolucao-121974-\u2013-CONSEPE-Estabelece-a-estrutura-curricular-do-Curso-de-Farmacia-e-da-outras-providencias.pdf\">Resolu\u00e7\u00e3o 12\/1974 &#8211; CONSEPE: Estabelece a estrutura curricular do Curso de Farm\u00e1cia e d\u00e1 outras provid\u00eancias<\/a><\/p>\n\n\n\n<p><strong>Referente ao PPC-FARMACIA-1960 (PPC-FARMACIA-1960)<\/strong><\/p>\n\n\n\n<h2 class=\"wp-block-heading\"><div class=\"linha-header\">Leis<\/div><\/h2>\n\n\n\n<p><a href=\"https:\/\/www.planalto.gov.br\/ccivil_03\/Leis\/L9394.htm?utm_source=site\">LEI N\u00ba 9.394, DE 20 DE DEZEMBRO DE 1996<\/a>\u00a0&#8211;\u00a0Estabelece as diretrizes e bases da educa\u00e7\u00e3o nacional.<\/p>\n\n\n\n<p><a href=\"https:\/\/www.planalto.gov.br\/ccivil_03\/_ato2007-2010\/2008\/lei\/l11788.htm?utm_source=site\" data-type=\"link\" data-id=\"https:\/\/www.planalto.gov.br\/ccivil_03\/_ato2007-2010\/2008\/lei\/l11788.htm?utm_source=site\">LEI N\u00ba 11.788, DE\u00a0 25 DE SETEMBRO DE 2008<\/a>\u00a0&#8211;\u00a0Disp\u00f5e sobre o est\u00e1gio de estudantes; altera a reda\u00e7\u00e3o do art. 428 da Consolida\u00e7\u00e3o das Leis do Trabalho \u2013 CLT, aprovada pelo Decreto-Lei n<sup>o<\/sup>\u00a05.452, de 1<sup>o<\/sup>\u00a0de maio de 1943, e a Lei n<sup>o<\/sup>\u00a09.394, de 20 de dezembro de 1996; revoga as Leis n<sup>os<\/sup>\u00a06.494, de 7 de dezembro de 1977, e 8.859, de 23 de mar\u00e7o de 1994, o par\u00e1grafo \u00fanico do art. 82 da Lei n<sup>o<\/sup>\u00a09.394, de 20 de dezembro de 1996, e o art. 6<sup>o<\/sup>\u00a0da Medida Provis\u00f3ria\u00a0 n<sup>o<\/sup>\u00a02.164-41, de 24 de agosto de 2001; e d\u00e1 outras provid\u00eancias<\/p>\n\n\n\n<p><a href=\"https:\/\/www.planalto.gov.br\/ccivil_03\/leis\/1970-1979\/l6202.htm?utm_source=site#:~:text=O%20PRESIDENTE%20DA%20REP%c3%9aBLICA,%20fa%c3%a7o,21%20de%20outubro%20de%201969.\" data-type=\"link\" data-id=\"https:\/\/www.planalto.gov.br\/ccivil_03\/leis\/1970-1979\/l6202.htm?utm_source=site#:~:text=O%20PRESIDENTE%20DA%20REP%c3%9aBLICA,%20fa%c3%a7o,21%20de%20outubro%20de%201969.\">LEI No 6.202, DE 17 DE ABRIL DE 1975<\/a>. &#8211;\u00a0Atribui \u00e0 estudante em estado de gesta\u00e7\u00e3o o regime de exerc\u00edcios domiciliares institu\u00eddo pelo Decreto-lei n\u00ba 1.044, de 1969, e d\u00e1 outras provid\u00eancias<\/p>\n\n\n\n<h2 class=\"wp-block-heading\"><div class=\"linha-header\">Resolu\u00e7\u00f5es Gerais da UFPB<\/div><\/h2>\n\n\n\n<p><a href=\"https:\/\/www.ccs.ufpb.br\/coordfarm\/wp-content\/uploads\/sites\/21\/sites\/454\/2026\/04\/DIRETRIZ-NACIONAL-CURSO-FARMACIA-2017.pdf\" data-type=\"link\" data-id=\"https:\/\/www.ccs.ufpb.br\/coordfarm\/wp-content\/uploads\/sites\/21\/sites\/454\/2026\/04\/DIRETRIZ-NACIONAL-CURSO-FARMACIA-2017.pdf\">Diretriz Curricular Nacional de Farm\u00e1cia 2017<\/a><\/p>\n\n\n\n<p><a href=\"https:\/\/www.ufpb.br\/sods\/regimento-geral\/?utm_source=site\" data-type=\"link\" data-id=\"https:\/\/www.ufpb.br\/sods\/regimento-geral\/?utm_source=site\">Regimento Geral da Universidade Federal da Para\u00edba<\/a><\/p>\n\n\n\n<p><a href=\"https:\/\/www.ccs.ufpb.br\/coordfarm\/wp-content\/uploads\/sites\/21\/sites\/454\/2026\/04\/RESOLUCAO-29-2020-do-CONSEPE-Aprova-o-regulamento-Geral-de-Graduacao-da-Universidade-Federal-da-Paraiba-1.pdf\" data-type=\"link\" data-id=\"https:\/\/www.ccs.ufpb.br\/coordfarm\/wp-content\/uploads\/sites\/21\/sites\/454\/2026\/04\/RESOLUCAO-29-2020-do-CONSEPE-Aprova-o-regulamento-Geral-de-Graduacao-da-Universidade-Federal-da-Paraiba-1.pdf\">Resolu\u00e7\u00e3o 29\/2020\u00a0&#8211; CONSEPE:\u00a0Aprova o Regulamento Geral de\u00a0Gradua\u00e7\u00e3o da Universidade Federal da\u00a0Para\u00edba, e revoga a resolu\u00e7\u00e3o n\u00ba 16\/2015.<\/a><\/p>\n\n\n\n<p><a href=\"https:\/\/sig-arq.ufpb.br\/arquivos\/2022164017bdaf42067525a271b2b3fcc\/Resoluo_05.2022_Consepe..pdf?utm_source=site\" data-type=\"link\" data-id=\"https:\/\/sig-arq.ufpb.br\/arquivos\/2022164017bdaf42067525a271b2b3fcc\/Resoluo_05.2022_Consepe..pdf?utm_source=site\">Resolu\u00e7\u00e3o 05\/2022\u00a0&#8211; CONSEPE:\u00a0Altera e regulamenta, excepcional e temporariamente, a ordem dos crit\u00e9rios de prioridade para preenchimento de vagas ofertadas em componentes curriculares dos cursos de gradua\u00e7\u00e3o e sequenciais, estabelecida na Resolu\u00e7\u00e3o CONSEPE 29\/2020.<\/a><\/p>\n\n\n\n<p><a href=\"https:\/\/www.ccs.ufpb.br\/coordfarm\/wp-content\/uploads\/sites\/21\/sites\/454\/2026\/04\/resolucao-10-de-2022-consepe-1.pdf\" data-type=\"link\" data-id=\"https:\/\/www.ccs.ufpb.br\/coordfarm\/wp-content\/uploads\/sites\/21\/sites\/454\/2026\/04\/resolucao-10-de-2022-consepe-1.pdf\">Resolu\u00e7\u00e3o 10\/2022\u00a0&#8211; CONSEPE:\u00a0Altera os Artigos 31, 102, 114, 160 e 173 da Resolu\u00e7\u00e3o CONSEPE n\u00ba 29\/2020, de 09 de novembro de 2020, que disp\u00f5em sobre as regras relativas \u00e0s ementas dos componentes curriculares, modalidades de ingresso, trancamento de matr\u00edcula e abandono.<\/a><\/p>\n\n\n\n<p><a href=\"https:\/\/sigrh.ufpb.br\/sigrh\/public\/colegiados\/filtro_busca.jsf?utm_source=site\" data-type=\"link\" data-id=\"https:\/\/sigrh.ufpb.br\/sigrh\/public\/colegiados\/filtro_busca.jsf?utm_source=site\">Busca de Resolu\u00e7\u00f5es na UFPB<\/a><\/p>\n\n\n\n<h2 class=\"wp-block-heading\"><div class=\"linha-header\">Normativas<\/div><\/h2>\n\n\n\n<p class=\" \"><a href=\"https:\/\/www.ccs.ufpb.br\/coordfarm\/wp-content\/uploads\/sites\/21\/sites\/454\/2026\/04\/resolucao-03-de-2007.pdf\" data-type=\"link\" data-id=\"https:\/\/www.ccs.ufpb.br\/coordfarm\/wp-content\/uploads\/sites\/21\/sites\/454\/2026\/04\/resolucao-03-de-2007.pdf\">Resolu\u00e7\u00e3o 03\/2007\u00a0&#8211;\u00a0Regulamenta os Componentes Curriculares Flex\u00edveis, fixados no Projeto Pol\u00edtico-Pedag\u00f3gico do Curso de Gradua\u00e7\u00e3o em Farm\u00e1cia e d\u00e1 outras provid\u00eancias<\/a><\/p>\n\n\n\n<p class=\" \"><a href=\"https:\/\/www.ccs.ufpb.br\/coordfarm\/wp-content\/uploads\/sites\/21\/sites\/454\/2026\/04\/RESOLUCAO-01-2017-TCC-de-Farmacia.pdf\" data-type=\"link\" data-id=\"https:\/\/www.ccs.ufpb.br\/coordfarm\/wp-content\/uploads\/sites\/21\/sites\/454\/2026\/04\/RESOLUCAO-01-2017-TCC-de-Farmacia.pdf\">Resolu\u00e7\u00e3o 01\/2017\u00a0&#8211; Colegiado do Curso de Farm\u00e1cia:\u00a0Normatiza o trabalho de Conclus\u00e3o de Curso de Gradua\u00e7\u00e3o de Farm\u00e1cia<\/a><\/p>\n\n\n\n<p><\/p>\n","protected":false},"excerpt":{"rendered":"<p>Credenciamento Institucional: PORTARIA No- 60, DE 18 DE JANEIRO DE 2017 Portaria de recredenciamento institucional [&hellip;]<\/p>\n","protected":false},"author":47,"featured_media":0,"parent":0,"menu_order":0,"comment_status":"closed","ping_status":"closed","template":"","meta":{"footnotes":""},"class_list":["post-28","page","type-page","status-publish","hentry"],"_links":{"self":[{"href":"https:\/\/www.ccs.ufpb.br\/coordfarm\/wp-json\/wp\/v2\/pages\/28","targetHints":{"allow":["GET"]}}],"collection":[{"href":"https:\/\/www.ccs.ufpb.br\/coordfarm\/wp-json\/wp\/v2\/pages"}],"about":[{"href":"https:\/\/www.ccs.ufpb.br\/coordfarm\/wp-json\/wp\/v2\/types\/page"}],"author":[{"embeddable":true,"href":"https:\/\/www.ccs.ufpb.br\/coordfarm\/wp-json\/wp\/v2\/users\/47"}],"replies":[{"embeddable":true,"href":"https:\/\/www.ccs.ufpb.br\/coordfarm\/wp-json\/wp\/v2\/comments?post=28"}],"version-history":[{"count":6,"href":"https:\/\/www.ccs.ufpb.br\/coordfarm\/wp-json\/wp\/v2\/pages\/28\/revisions"}],"predecessor-version":[{"id":125,"href":"https:\/\/www.ccs.ufpb.br\/coordfarm\/wp-json\/wp\/v2\/pages\/28\/revisions\/125"}],"wp:attachment":[{"href":"https:\/\/www.ccs.ufpb.br\/coordfarm\/wp-json\/wp\/v2\/media?parent=28"}],"curies":[{"name":"wp","href":"https:\/\/api.w.org\/{rel}","templated":true}]}}