{"id":26,"date":"2026-03-04T21:58:13","date_gmt":"2026-03-05T00:58:13","guid":{"rendered":"https:\/\/www.ccs.ufpb.br\/coordfarm\/?page_id=26"},"modified":"2026-03-04T21:58:15","modified_gmt":"2026-03-05T00:58:15","slug":"colegiado-do-curso","status":"publish","type":"page","link":"https:\/\/www.ccs.ufpb.br\/coordfarm\/colegiado-do-curso\/","title":{"rendered":"Colegiado do Curso"},"content":{"rendered":"\n<p>Para que um processo seja avaliado pelo Colegiado do Curso:<\/p>\n\n\n\n<p>1 &#8211; Deve encaminhar os documentos para o email da coordena\u00e7\u00e3o.<\/p>\n\n\n\n<p>2 &#8211; Os processos entrar\u00e3o na reuni\u00e3o se o documento for enviado at\u00e9 10 dias com anteced\u00eancia de uma reuni\u00e3o previamente marcada.&nbsp;<\/p>\n\n\n\n<p>Calend\u00e1rio das Reuni\u00f5es do Colegiado do Curso<\/p>\n\n\n\n<figure class=\"wp-block-table\"><table class=\"has-fixed-layout\"><tbody><tr><td>&#8212;&#8212;&#8211;M\u00eas&#8212;&#8212;&#8211;<\/td><td>&#8212;&#8212;&#8211;Data&#8212;&#8212;&#8211;<\/td><td>&#8212;&#8212;&#8211;Dia&#8212;&#8212;&#8211;<\/td><td>&#8212;&#8212;&#8211;Hor\u00e1rio&#8212;&#8212;&#8211;<\/td><\/tr><tr><td>Abril<\/td><td>25\/04\/2024<\/td><td>quinta-feira<\/td><td>10:30:00<\/td><\/tr><tr><td>Maio<\/td><td>23\/05\/2024<\/td><td>quinta-feira<\/td><td>10:30:00<\/td><\/tr><tr><td>Junho<\/td><td>21\/06\/2024<\/td><td>sexta-feira<\/td><td>10:30:00<\/td><\/tr><\/tbody><\/table><\/figure>\n\n\n\n<p class=\" \">Local da Reuni\u00e3o (Reuni\u00f5es em formato H\u00edbrido)<\/p>\n\n\n\n<p class=\" \">Sala Presencial:&nbsp;Coordena\u00e7\u00e3o do Curso de Gradua\u00e7\u00e3o em Farm\u00e1cia &#8211; CCS &#8211; UFPB, Universidade Federal da Para\u00edba, Centro de Ci\u00eancias da Sa\u00fade &#8211; Castelo Branco, Jo\u00e3o Pessoa &#8211; PB, 58050-585, Brasil&nbsp; (mapa:&nbsp;<a href=\"https:\/\/goo.gl\/maps\/zWQGhrPr42478Tv68\" target=\"_blank\" rel=\"noreferrer noopener\">https:\/\/goo.gl\/maps\/zWQGhrPr42478Tv68<\/a>)<\/p>\n\n\n\n<p class=\" \">Sala Virtual:&nbsp;<a href=\"https:\/\/conferenciaweb.rnp.br\/ufpb\/coordfar\" target=\"_blank\" rel=\"noreferrer noopener\">https:\/\/conferenciaweb.rnp.br\/ufpb\/coordfar<\/a><\/p>\n\n\n\n<p>Calend\u00e1rios de Inst\u00e2ncias Superiores ao Colegiado do Curso<\/p>\n\n\n\n<p class=\" \"><a href=\"https:\/\/www.ccs.ufpb.br\/ccs\/contents\/menu\/ccs-1\/conselho-de-centro\/datas-de-reuniao\" target=\"_blank\" rel=\"noreferrer noopener\">Calend\u00e1rio de Reuni\u00f5es do Conselho de Centro<\/a><\/p>\n\n\n\n<p class=\" \"><a href=\"https:\/\/www.ufpb.br\/sods\/contents\/menu\/noticias\" target=\"_blank\" rel=\"noreferrer noopener\">Calend\u00e1rio de Reuni\u00f5es do CONSEPE<\/a><\/p>\n\n\n\n<p>Membros do Colegiado do Curso<\/p>\n\n\n\n<p><strong>Representa\u00e7\u00e3o do Departamento de Ci\u00eancias&nbsp;Farmac\u00eauticas | eixo: Cuidados em Sa\u00fade<\/strong><\/p>\n\n\n\n<p>ISABELE BESERRA SANTOS GOMES \/&nbsp;AGUARDANDO INDICA\u00c7\u00c3O DO DEPARTAMENTO<\/p>\n\n\n\n<p><strong>Representa\u00e7\u00e3o&nbsp;do Departamento de Ci\u00eancias&nbsp;Farmac\u00eauticas | eixo: Tecnologia e Inova\u00e7\u00e3o em&nbsp;Sa\u00fade<\/strong><\/p>\n\n\n\n<p>FABIOLA BERNARDO CARNEIRO&nbsp;\/&nbsp;IONALDO JOSE LIMA DINIZ BASILIO<\/p>\n\n\n\n<p><strong>Representa\u00e7\u00e3o&nbsp;do Departamento de Ci\u00eancias&nbsp;Farmac\u00eauticas | eixo: Gest\u00e3o em Sa\u00fade<\/strong><\/p>\n\n\n\n<p>WALLERI&nbsp;CHRISTINI&nbsp;TORELLI&nbsp;REIS \/&nbsp;GABRIEL RODRIGUES MARTINS DE FREITAS<\/p>\n\n\n\n<p><strong>Representa\u00e7\u00e3o do Departamento de Qu\u00edmica<\/strong><\/p>\n\n\n\n<p>NEIDE QUEIROZ&nbsp;\/&nbsp;ERCULES EPAMINONDAS DE SOUSA TEOTONIO<\/p>\n\n\n\n<p><strong>Representa\u00e7\u00e3o do Departamento de Fisiologia e Patologia<\/strong><br>ADRIANO FRANCISCO ALVES \/ MARCELO MORENO<\/p>\n\n\n\n<p><strong>Representa\u00e7\u00e3o Discente:<\/strong><br>Titular discente:&nbsp;MONIQUE BEATRIZ PEREIRA RODRIGUES<br>Suplente discente:&nbsp;VINICIUS GOUVEIA MARTINS DE OLIVEIRAs<\/p>\n","protected":false},"excerpt":{"rendered":"<p>Para que um processo seja avaliado pelo Colegiado do Curso: 1 &#8211; Deve encaminhar os [&hellip;]<\/p>\n","protected":false},"author":47,"featured_media":0,"parent":0,"menu_order":0,"comment_status":"closed","ping_status":"closed","template":"","meta":{"footnotes":""},"class_list":["post-26","page","type-page","status-publish","hentry"],"_links":{"self":[{"href":"https:\/\/www.ccs.ufpb.br\/coordfarm\/wp-json\/wp\/v2\/pages\/26","targetHints":{"allow":["GET"]}}],"collection":[{"href":"https:\/\/www.ccs.ufpb.br\/coordfarm\/wp-json\/wp\/v2\/pages"}],"about":[{"href":"https:\/\/www.ccs.ufpb.br\/coordfarm\/wp-json\/wp\/v2\/types\/page"}],"author":[{"embeddable":true,"href":"https:\/\/www.ccs.ufpb.br\/coordfarm\/wp-json\/wp\/v2\/users\/47"}],"replies":[{"embeddable":true,"href":"https:\/\/www.ccs.ufpb.br\/coordfarm\/wp-json\/wp\/v2\/comments?post=26"}],"version-history":[{"count":1,"href":"https:\/\/www.ccs.ufpb.br\/coordfarm\/wp-json\/wp\/v2\/pages\/26\/revisions"}],"predecessor-version":[{"id":27,"href":"https:\/\/www.ccs.ufpb.br\/coordfarm\/wp-json\/wp\/v2\/pages\/26\/revisions\/27"}],"wp:attachment":[{"href":"https:\/\/www.ccs.ufpb.br\/coordfarm\/wp-json\/wp\/v2\/media?parent=26"}],"curies":[{"name":"wp","href":"https:\/\/api.w.org\/{rel}","templated":true}]}}