{"id":24,"date":"2026-03-04T21:56:41","date_gmt":"2026-03-05T00:56:41","guid":{"rendered":"https:\/\/www.ccs.ufpb.br\/coordfarm\/?page_id=24"},"modified":"2026-03-04T21:56:42","modified_gmt":"2026-03-05T00:56:42","slug":"organizacao-administrativa","status":"publish","type":"page","link":"https:\/\/www.ccs.ufpb.br\/coordfarm\/organizacao-administrativa\/","title":{"rendered":"Organiza\u00e7\u00e3o Administrativa"},"content":{"rendered":"\n<p>A Coordena\u00e7\u00e3o do Curso de gradua\u00e7\u00e3o em Farm\u00e1cia, do Centro de Ci\u00eancias da Sa\u00fade, da Universidade Federal da Para\u00edba, \u00f3rg\u00e3o integrante da administra\u00e7\u00e3o setorial, est\u00e1 subordinada imediatamente \u00e0 dire\u00e7\u00e3o do Centro de Ci\u00eancias da Sa\u00fade.<\/p>\n\n\n\n<p>\u00c9 importante que se diga que os Departamentos, onde est\u00e3o lotados os professores e ofertam as disciplinas e est\u00e1gios, N\u00c3O s\u00e3o subordinados a coordena\u00e7\u00e3o do curso. Somos \u00f3rg\u00e3os independentes.&nbsp;&nbsp;<\/p>\n\n\n\n<p>A Coordena\u00e7\u00e3o \u00e9 o \u00f3rg\u00e3o executivo do Colegiado do curso, o qual \u00e9 formado por docentes de diferentes departamentos e a representa\u00e7\u00e3o discente. \u00c9 pela coordena\u00e7\u00e3o de curso que o aluno tem sua vida acad\u00eamica acompanhada e tem todo o aux\u00edlio para realizar pedidos e consultas a inst\u00e2ncias superiores ou mesmo aos departamentos.&nbsp;&nbsp;<\/p>\n\n\n\n<p>A coordena\u00e7\u00e3o de curso tamb\u00e9m participa do N\u00facleo Docente Estruturante (NDE) que cuida da&nbsp;execu\u00e7\u00e3o e cumprimento do projeto pedag\u00f3gico, bem como fornece:<\/p>\n\n\n\n<p>I \u2013 apoio t\u00e9cnico especializado na organiza\u00e7\u00e3o e normatiza\u00e7\u00e3o da estrutura curricular do curso de gradua\u00e7\u00e3o em Farm\u00e1cia;<\/p>\n\n\n\n<p>II \u2013 suporte t\u00e9cnico ao Projeto Pol\u00edtico Pedag\u00f3gico;<br>III \u2013 suporte no acompanhamento da execu\u00e7\u00e3o curricular.<br>IV \u2013 acompanhar e avaliar a execu\u00e7\u00e3o curricular, dentro de um pacto de co-responsabilidade aluno\/professor;<br>V \u2013 acompanhar e sugerir aos professores das disciplinas do curso, por interm\u00e9dio da Coordena\u00e7\u00e3o e dos respectivos departamentos a manuten\u00e7\u00e3o de t\u00e9cnicas did\u00e1ticas de maior aceita\u00e7\u00e3o e aprendizado de determinada turma;<\/p>\n","protected":false},"excerpt":{"rendered":"<p>A Coordena\u00e7\u00e3o do Curso de gradua\u00e7\u00e3o em Farm\u00e1cia, do Centro de Ci\u00eancias da Sa\u00fade, da [&hellip;]<\/p>\n","protected":false},"author":47,"featured_media":0,"parent":0,"menu_order":0,"comment_status":"closed","ping_status":"closed","template":"","meta":{"footnotes":""},"class_list":["post-24","page","type-page","status-publish","hentry"],"_links":{"self":[{"href":"https:\/\/www.ccs.ufpb.br\/coordfarm\/wp-json\/wp\/v2\/pages\/24","targetHints":{"allow":["GET"]}}],"collection":[{"href":"https:\/\/www.ccs.ufpb.br\/coordfarm\/wp-json\/wp\/v2\/pages"}],"about":[{"href":"https:\/\/www.ccs.ufpb.br\/coordfarm\/wp-json\/wp\/v2\/types\/page"}],"author":[{"embeddable":true,"href":"https:\/\/www.ccs.ufpb.br\/coordfarm\/wp-json\/wp\/v2\/users\/47"}],"replies":[{"embeddable":true,"href":"https:\/\/www.ccs.ufpb.br\/coordfarm\/wp-json\/wp\/v2\/comments?post=24"}],"version-history":[{"count":1,"href":"https:\/\/www.ccs.ufpb.br\/coordfarm\/wp-json\/wp\/v2\/pages\/24\/revisions"}],"predecessor-version":[{"id":25,"href":"https:\/\/www.ccs.ufpb.br\/coordfarm\/wp-json\/wp\/v2\/pages\/24\/revisions\/25"}],"wp:attachment":[{"href":"https:\/\/www.ccs.ufpb.br\/coordfarm\/wp-json\/wp\/v2\/media?parent=24"}],"curies":[{"name":"wp","href":"https:\/\/api.w.org\/{rel}","templated":true}]}}