{"id":78,"date":"2025-03-13T10:46:12","date_gmt":"2025-03-13T13:46:12","guid":{"rendered":"https:\/\/www.ccs.ufpb.br\/bsccs2\/?page_id=78"},"modified":"2026-04-22T08:37:25","modified_gmt":"2026-04-22T11:37:25","slug":"ficha-catalografica","status":"publish","type":"page","link":"https:\/\/www.ccs.ufpb.br\/bsccs\/ficha-catalografica\/","title":{"rendered":"Ficha catalogr\u00e1fica"},"content":{"rendered":"\n<p>Orienta\u00e7\u00f5es sobre a solicita\u00e7\u00e3o da Ficha Catalogr\u00e1fica<\/p>\n\n\n\n<p><strong>1)<\/strong> <strong>Trabalhos de Conclus\u00e3o de Cursos (TCCs<\/strong>)<\/p>\n\n\n\n<p class=\" \">Atendimento de solicita\u00e7\u00f5es de Fichas Catalogr\u00e1ficas para TCCs de Gradua\u00e7\u00e3o ou de Especializa\u00e7\u00e3o de discentes vinculados aos Cursos do CCS\/UFPB.<\/p>\n\n\n\n<p class=\" \">A Ficha catalogr\u00e1fica \u00e9 elemento obrigat\u00f3rio em TCC,&nbsp;<strong>no formato Monografia,<\/strong>&nbsp;que segue o padr\u00e3o da&nbsp;<strong>ABNT NBR 14724:2024<\/strong>, saiba as recomenda\u00e7\u00f5es da norma pela <strong><a href=\"https:\/\/www.biblioteca.ufpb.br\/biblioteca\/contents\/tutoriais\/target-tutoriais.pdf\">Target GEDWeb<\/a><\/strong>, acessando por sua conta de pessoa usu\u00e1ria do SIGAA.<\/p>\n\n\n\n<p class=\" \">A solicita\u00e7\u00e3o da Ficha deve ser feita atrav\u00e9s do seguinte caminho no <a href=\"https:\/\/sigaa.ufpb.br\/sigaa\/logon.jsf\">SIGAA<\/a>:<\/p>\n\n\n\n<p class=\" \"><strong>Biblioteca &lt; Ficha catalogr\u00e1fica &lt; Solicitar ficha catalogr\u00e1fica &lt; Preencher formul\u00e1rio de solicita\u00e7\u00e3o &lt; Cadastrar solicita\u00e7\u00e3o.<\/strong> \u00c9 necess\u00e1rio inseri arquivo (documento) c\u00f3pia da vers\u00e3o final do TCC no ato da solicita\u00e7\u00e3o.<\/p>\n\n\n\n<p class=\" \"><strong>ATEN\u00c7\u00c3O!&nbsp;<\/strong><\/p>\n\n\n\n<ul class=\"wp-block-list\">\n<li>A pessoa discente&nbsp;<strong>N\u00c3O deve ENCERRAR O V\u00cdNCULO<\/strong>&nbsp;antes de gerar sua ficha catalogr\u00e1fica.<\/li>\n\n\n\n<li>A ficha dever\u00e1 ficar situada entre a Folha de Rosto e a Folha de aprova\u00e7\u00e3o no TCC final em formato digital.<\/li>\n\n\n\n<li>A ficha dever\u00e1 ser localizada no verso da Folha de Rosto em TCCs impressos.<\/li>\n<\/ul>\n\n\n\n<p class=\" \"><strong>A Ficha catalogr\u00e1fica dever\u00e1 ser solicitada apenas ap\u00f3s a apresenta\u00e7\u00e3o (ou defesa) do TCC e ap\u00f3s realizadas as revis\u00f5es e altera\u00e7\u00f5es textuais recomendadas&nbsp; pela Banca Examinadora.<\/strong><\/p>\n\n\n\n<p><strong>FIQUE ATENTO (A)!<\/strong><\/p>\n\n\n\n<p>Em&nbsp;<strong>Artigos Acad\u00eamicos ou Cient\u00edficos,<\/strong>&nbsp;ou se&nbsp;a pessoa discente utilizar quaisquer outras Normas ou Padr\u00f5es diferentes da ABNT NBR , a<strong>&nbsp;Ficha Catalogr\u00e1fica ser\u00e1 dispens\u00e1vel, ou seja,&nbsp; n\u00e3o \u00e9 necess\u00e1ria.<\/strong><\/p>\n\n\n\n<p>Para informa\u00e7\u00f5es quanto a entrega do TCC e o <strong><a href=\"http:\/\/www.ccs.ufpb.br\/bsccs2\/wp-content\/uploads\/sites\/21\/sites\/221\/2025\/04\/Termo-de-Autorizacao-CCS-TCC-Graduacao-ou-Especializacao-2025.pdf\">Termo de Autoriza\u00e7\u00e3o \u2013 CCS \u2013 TCC \u2013 Gradua\u00e7\u00e3o ou Especializa\u00e7\u00e3o \u2013 2025<\/a><\/strong> para disponibiliza\u00e7\u00e3o do TCC no Reposit\u00f3rio Institucional (RI), consulte em <a href=\"https:\/\/www.ccs.ufpb.br\/bsccs\/deposito-de-tcc\/\">Dep\u00f3sito de TCC<\/a>.<\/p>\n\n\n\n<p><strong>&nbsp;2)<\/strong> <strong>Outras <strong>Produ\u00e7\u00f5es textuais com car\u00e1ter t\u00e9cnico-cient\u00edfico<\/strong><\/strong><\/p>\n\n\n\n<p>Atendimento de solicita\u00e7\u00f5es de Fichas Catalogr\u00e1ficas exclusivamente para <strong>produ\u00e7\u00f5es textuais com car\u00e1ter t\u00e9cnico-cient\u00edfico<\/strong> (Livro ou folheto) frutos de Projetos ou Grupos de Pesquisa, Extens\u00e3o, Monitoria,&nbsp;Mem\u00f3ria institucional ou atividades pr\u00e1ticas ligadas aos Componentes Curriculares dos Cursos de Gradua\u00e7\u00e3o ou Especializa\u00e7\u00e3o ou de Unidades Acad\u00eamicas ou Administrativas do Centro e com Autores com vincula\u00e7\u00e3o ativa no SIGAA e produzidas no \u00e2mbito no CCS\/UFPB.<\/p>\n\n\n\n<p><strong>Para solicita\u00e7\u00e3o da Ficha Catalogr\u00e1fica:<\/strong><\/p>\n\n\n\n<p class=\" \">Enviar para <a href=\"mailto:blioteca@ccs.ufpb.br\">biblioteca@ccs.ufpb.br<\/a>,\u00a0 sob o\u00a0<strong>Assunto &#8220;Solicita\u00e7\u00e3o de Ficha catalogr\u00e1fica &#8211; Produ\u00e7\u00e3o do CCS\/UFPB&#8221;<\/strong>,\u00a0 as seguintes informa\u00e7\u00f5es:<\/p>\n\n\n\n<ul class=\"wp-block-list\">\n<li>Folha de Rosto da produ\u00e7\u00e3o (contendo o (s) nome (s) de Autor (es\/as) ou Organizador (es\/as), T\u00edtulo e&nbsp; subt\u00edtulo (se houver), Lugar, Editor (se houver) e ano de publica\u00e7\u00e3o);<\/li>\n\n\n\n<li>Resumo em L\u00edngua portuguesa com as palavras-chave;<\/li>\n\n\n\n<li>Sum\u00e1rio;<\/li>\n\n\n\n<li>Apresenta\u00e7\u00e3o;<\/li>\n\n\n\n<li>Refer\u00eancias e (se houver) Gloss\u00e1rio e \u00cdndice.<\/li>\n\n\n\n<li>Informar no corpo do e-mail de solicita\u00e7\u00e3o da ficha se a produ\u00e7\u00e3o cont\u00e9m ou n\u00e3o ilustra\u00e7\u00f5es (imagens, quadros, tabelas, gr\u00e1ficos, etc.); informar o n\u00famero de ISBN (se houver)&nbsp;e informar tamb\u00e9m o n\u00famero de folhas ou p\u00e1ginas.<\/li>\n<\/ul>\n\n\n\n<p class=\" \"><strong>ATEN\u00c7\u00c3O!<\/strong><\/p>\n\n\n\n<p>Caso a Autoria ou responsabilidade pela produ\u00e7\u00e3o da obra queira disponibilizar sua Produ\u00e7\u00e3o, <strong>exceto TCC<\/strong> (consulte o documento espec\u00edfico), no Reposit\u00f3rio Institucional na Comunidade do CCS, solicitamos que nos envie, devidamente preenchido, o&nbsp;<a href=\"http:\/\/www.ccs.ufpb.br\/bsccs\/wp-content\/uploads\/sites\/21\/sites\/221\/2025\/04\/Termo-de-Autorizacao-CCS-Producoes-Academicos-ou-Cientificas-do-CCS.pdf\"><strong>Termo de Autoriza\u00e7\u00e3o para Publica\u00e7\u00e3o &#8211; Produ\u00e7\u00f5es Acad\u00eamicos\/Cient\u00edficas<\/strong>.<\/a><\/p>\n\n\n\n<p><strong>DESTACAMOS QUE:<\/strong><\/p>\n\n\n\n<p class=\" \">Em ambas categorias de solicita\u00e7\u00e3o de fichas (TCCs ou produ\u00e7\u00f5es textuais do CCS) o prazo para resposta a solicita\u00e7\u00e3o \u00e9&nbsp;<strong>3 dias \u00fateis, respeitando o hor\u00e1rio de funcionamento da unidade e a ordem de demanda do dia.<\/strong><\/p>\n\n\n\n<p class=\" \">Caso ocorra necessidade de realizar altera\u00e7\u00f5es ou acr\u00e9scimos de informa\u00e7\u00f5es na ficha, ap\u00f3s o atendimento e envio da mesma, deve ocorrer nova solicita\u00e7\u00e3o, informando os dados a acrescentar ou a alterar para a elabora\u00e7\u00e3o da nova ficha pelo(a) profissional bibliotec\u00e1rio(a).<\/p>\n","protected":false},"excerpt":{"rendered":"<p>Orienta\u00e7\u00f5es sobre a solicita\u00e7\u00e3o da Ficha Catalogr\u00e1fica 1) Trabalhos de Conclus\u00e3o de Cursos (TCCs) Atendimento [&hellip;]<\/p>\n","protected":false},"author":47,"featured_media":0,"parent":0,"menu_order":0,"comment_status":"closed","ping_status":"closed","template":"","meta":{"footnotes":""},"class_list":["post-78","page","type-page","status-publish","hentry"],"_links":{"self":[{"href":"https:\/\/www.ccs.ufpb.br\/bsccs\/wp-json\/wp\/v2\/pages\/78","targetHints":{"allow":["GET"]}}],"collection":[{"href":"https:\/\/www.ccs.ufpb.br\/bsccs\/wp-json\/wp\/v2\/pages"}],"about":[{"href":"https:\/\/www.ccs.ufpb.br\/bsccs\/wp-json\/wp\/v2\/types\/page"}],"author":[{"embeddable":true,"href":"https:\/\/www.ccs.ufpb.br\/bsccs\/wp-json\/wp\/v2\/users\/47"}],"replies":[{"embeddable":true,"href":"https:\/\/www.ccs.ufpb.br\/bsccs\/wp-json\/wp\/v2\/comments?post=78"}],"version-history":[{"count":22,"href":"https:\/\/www.ccs.ufpb.br\/bsccs\/wp-json\/wp\/v2\/pages\/78\/revisions"}],"predecessor-version":[{"id":1050,"href":"https:\/\/www.ccs.ufpb.br\/bsccs\/wp-json\/wp\/v2\/pages\/78\/revisions\/1050"}],"wp:attachment":[{"href":"https:\/\/www.ccs.ufpb.br\/bsccs\/wp-json\/wp\/v2\/media?parent=78"}],"curies":[{"name":"wp","href":"https:\/\/api.w.org\/{rel}","templated":true}]}}