{"id":26,"date":"2024-10-15T11:29:21","date_gmt":"2024-10-15T14:29:21","guid":{"rendered":"https:\/\/www.ccs.ufpb.br\/bsccs2\/?page_id=26"},"modified":"2026-02-23T14:16:08","modified_gmt":"2026-02-23T17:16:08","slug":"equipe","status":"publish","type":"page","link":"https:\/\/www.ccs.ufpb.br\/bsccs\/equipe\/","title":{"rendered":"Equipe"},"content":{"rendered":"\n<h1 class=\"wp-block-heading\">Atendimento ao p\u00fablico usu\u00e1rio (<strong>Recep\u00e7\u00e3o\/Circula\u00e7\u00e3o; Servi\u00e7o de Refer\u00eancia<\/strong>); <strong>Processos t\u00e9cnicos\/administrativo; Coordena\u00e7\u00e3o<\/strong><\/h1>\n\n\n\n<p>Servidores T\u00e9cnicos administrativo &#8211; Bibliotec\u00e1rio(a)s<\/p>\n\n\n\n<p><strong>Jadson V\u00edderes Pamplona<\/strong><\/p>\n\n\n\n<p><em>e-mail:<\/em>&nbsp;<a href=\"mailto:jadsonpamplona@hotmail.com\">jadsonpamplona@hotmail.com<\/a><\/p>\n\n\n\n<p>Curr\u00edculo Lattes:&nbsp;<a href=\"http:\/\/lattes.cnpq.br\/7062337500787766\" target=\"_blank\" rel=\"noreferrer noopener\">http:\/\/lattes.cnpq.br\/7062337500787766<\/a><\/p>\n\n\n\n<p><strong>Hor\u00e1rio de atividades no setor: 13h \u00e0s 19h<\/strong><\/p>\n\n\n\n<p><strong>Maria Dalvanir Fausto de Lima<\/strong><\/p>\n\n\n\n<p><em>e-mail<\/em>:&nbsp;<a href=\"mailto:jadsonpamplona@hotmail.com\">mariadalvanir@ccs.ufpb.br<\/a><\/p>\n\n\n\n<p><em>Curr\u00edculo Lattes<\/em>:&nbsp;<a href=\"http:\/\/lattes.cnpq.br\/7697745180018788\" target=\"_blank\" rel=\"noreferrer noopener\">http:\/\/lattes.cnpq.br\/7697745180018788<\/a><\/p>\n\n\n\n<p><strong>Hor\u00e1rio de atividades no setor: 7h \u00e0s 13h<\/strong><\/p>\n\n\n\n<p><strong>Dra.Tahis Virg\u00ednia Gomes da Silva<\/strong><\/p>\n\n\n\n<p>Bibliotec\u00e1ria Coordenadora (t\u00e9cnica respons\u00e1vel)<\/p>\n\n\n\n<p><em>e-mail<\/em>:&nbsp;<a href=\"mailto:tahis@ccs.ufpb.br\">tahis@ccs.ufpb.br<\/a><\/p>\n\n\n\n<p><em>Curr\u00edculo Lattes<\/em>:&nbsp;&nbsp;<a href=\"http:\/\/lattes.cnpq.br\/9200434379816022\" target=\"_blank\" rel=\"noreferrer noopener\">http:\/\/lattes.cnpq.br\/9200434379816022<\/a><\/p>\n\n\n\n<p><strong>Hor\u00e1rio de atividades no setor: 8h \u00e0s 14h<\/strong><\/p>\n\n\n\n<h2 class=\"wp-block-heading\"><div class=\"linha-header\"><strong>Recep\u00e7\u00e3o\/Circula\u00e7\u00e3o, Aux\u00edlio no Servi\u00e7o de refer\u00eancia<\/strong><\/div><\/h2>\n\n\n\n<p><strong>Estagi\u00e1rio<\/strong> (Discente de Biblioteconomia\/UFPB)<\/p>\n\n\n\n<p><strong><strong>Victor Manuel Andrade Silva<\/strong><\/strong>&nbsp;<\/p>\n\n\n\n<p><em>e-mail<\/em>: <strong>victorexcs@gmail.com<\/strong><\/p>\n\n\n\n<p><em>Curr\u00edculo Lattes<\/em>: <a href=\"http:\/\/lattes.cnpq.br\/6489890040237482\">http:\/\/lattes.cnpq.br\/6489890040237482<\/a><\/p>\n\n\n\n<p><strong>Hor\u00e1rio de atividades no setor: 13h \u00e0s 17h<\/strong><\/p>\n\n\n\n<p><strong>Aten\u00e7\u00e3o<\/strong>: para atendimento de demanda de servi\u00e7os da unidade,  poder\u00e1 ocorrer altera\u00e7\u00e3o no hor\u00e1rio ou turno de trabalho de membro da equipe, sem preju\u00edzo ao atendimento do p\u00fablico usu\u00e1rio.<\/p>\n","protected":false},"excerpt":{"rendered":"<p>Atendimento ao p\u00fablico usu\u00e1rio (Recep\u00e7\u00e3o\/Circula\u00e7\u00e3o; Servi\u00e7o de Refer\u00eancia); Processos t\u00e9cnicos\/administrativo; Coordena\u00e7\u00e3o Servidores T\u00e9cnicos administrativo &#8211; [&hellip;]<\/p>\n","protected":false},"author":47,"featured_media":0,"parent":0,"menu_order":0,"comment_status":"closed","ping_status":"closed","template":"","meta":{"footnotes":""},"class_list":["post-26","page","type-page","status-publish","hentry"],"_links":{"self":[{"href":"https:\/\/www.ccs.ufpb.br\/bsccs\/wp-json\/wp\/v2\/pages\/26","targetHints":{"allow":["GET"]}}],"collection":[{"href":"https:\/\/www.ccs.ufpb.br\/bsccs\/wp-json\/wp\/v2\/pages"}],"about":[{"href":"https:\/\/www.ccs.ufpb.br\/bsccs\/wp-json\/wp\/v2\/types\/page"}],"author":[{"embeddable":true,"href":"https:\/\/www.ccs.ufpb.br\/bsccs\/wp-json\/wp\/v2\/users\/47"}],"replies":[{"embeddable":true,"href":"https:\/\/www.ccs.ufpb.br\/bsccs\/wp-json\/wp\/v2\/comments?post=26"}],"version-history":[{"count":11,"href":"https:\/\/www.ccs.ufpb.br\/bsccs\/wp-json\/wp\/v2\/pages\/26\/revisions"}],"predecessor-version":[{"id":973,"href":"https:\/\/www.ccs.ufpb.br\/bsccs\/wp-json\/wp\/v2\/pages\/26\/revisions\/973"}],"wp:attachment":[{"href":"https:\/\/www.ccs.ufpb.br\/bsccs\/wp-json\/wp\/v2\/media?parent=26"}],"curies":[{"name":"wp","href":"https:\/\/api.w.org\/{rel}","templated":true}]}}